{"id":10887,"date":"2024-10-21T09:11:32","date_gmt":"2024-10-21T07:11:32","guid":{"rendered":"https:\/\/sfgrs.de\/wordpress\/sfgrs-24\/?page_id=10887"},"modified":"2024-10-30T08:59:11","modified_gmt":"2024-10-30T07:59:11","slug":"berufsorientierung-in-der-mss","status":"publish","type":"page","link":"https:\/\/sfgrs.de\/wordpress\/index.php\/berufsorientierung-in-der-mss\/","title":{"rendered":"Berufsorientierung in der MSS"},"content":{"rendered":"<div class=\"fusion-fullwidth fullwidth-box fusion-builder-row-1 fusion-flex-container has-pattern-background has-mask-background nonhundred-percent-fullwidth non-hundred-percent-height-scrolling\" style=\"--awb-border-radius-top-left:0px;--awb-border-radius-top-right:0px;--awb-border-radius-bottom-right:0px;--awb-border-radius-bottom-left:0px;--awb-flex-wrap:wrap;\" ><div class=\"fusion-builder-row fusion-row fusion-flex-align-items-flex-start fusion-flex-content-wrap\" style=\"max-width:1456px;margin-left: calc(-4% \/ 2 );margin-right: calc(-4% \/ 2 );\"><div class=\"fusion-layout-column fusion_builder_column fusion-builder-column-0 fusion_builder_column_1_6 1_6 fusion-flex-column\" style=\"--awb-bg-size:cover;--awb-width-large:16.666666666667%;--awb-margin-top-large:0px;--awb-spacing-right-large:11.52%;--awb-margin-bottom-large:20px;--awb-spacing-left-large:11.52%;--awb-width-medium:100%;--awb-order-medium:0;--awb-spacing-right-medium:1.92%;--awb-spacing-left-medium:1.92%;--awb-width-small:100%;--awb-order-small:0;--awb-spacing-right-small:1.92%;--awb-spacing-left-small:1.92%;\"><div class=\"fusion-column-wrapper fusion-column-has-shadow fusion-flex-justify-content-flex-start fusion-content-layout-column\"><\/div><\/div><div class=\"fusion-layout-column fusion_builder_column fusion-builder-column-1 fusion_builder_column_2_3 2_3 fusion-flex-column\" style=\"--awb-bg-size:cover;--awb-width-large:66.666666666667%;--awb-margin-top-large:0px;--awb-spacing-right-large:2.88%;--awb-margin-bottom-large:20px;--awb-spacing-left-large:2.88%;--awb-width-medium:100%;--awb-order-medium:0;--awb-spacing-right-medium:1.92%;--awb-spacing-left-medium:1.92%;--awb-width-small:100%;--awb-order-small:0;--awb-spacing-right-small:1.92%;--awb-spacing-left-small:1.92%;\"><div class=\"fusion-column-wrapper fusion-column-has-shadow fusion-flex-justify-content-flex-start fusion-content-layout-column\"><div class=\"fusion-image-element \" style=\"--awb-aspect-ratio:21 \/ 9;--awb-object-position:49% 49%;--awb-margin-bottom:30px;--awb-caption-title-font-family:var(--h2_typography-font-family);--awb-caption-title-font-weight:var(--h2_typography-font-weight);--awb-caption-title-font-style:var(--h2_typography-font-style);--awb-caption-title-size:var(--h2_typography-font-size);--awb-caption-title-transform:var(--h2_typography-text-transform);--awb-caption-title-line-height:var(--h2_typography-line-height);--awb-caption-title-letter-spacing:var(--h2_typography-letter-spacing);\"><span class=\" fusion-imageframe imageframe-none imageframe-1 hover-type-none has-aspect-ratio\"><img decoding=\"async\" width=\"2560\" height=\"1709\" title=\"Tabletstufe &#8211; Slider 3\" src=\"https:\/\/sfgrs.de\/wordpress\/wp-content\/uploads\/2024\/10\/Tabletstufe-Slider-3-scaled.jpg\" class=\"img-responsive wp-image-11240 img-with-aspect-ratio\" alt srcset=\"https:\/\/sfgrs.de\/wordpress\/wp-content\/uploads\/2024\/10\/Tabletstufe-Slider-3-200x133.jpg 200w, https:\/\/sfgrs.de\/wordpress\/wp-content\/uploads\/2024\/10\/Tabletstufe-Slider-3-400x267.jpg 400w, https:\/\/sfgrs.de\/wordpress\/wp-content\/uploads\/2024\/10\/Tabletstufe-Slider-3-600x400.jpg 600w, https:\/\/sfgrs.de\/wordpress\/wp-content\/uploads\/2024\/10\/Tabletstufe-Slider-3-800x534.jpg 800w, https:\/\/sfgrs.de\/wordpress\/wp-content\/uploads\/2024\/10\/Tabletstufe-Slider-3-1200x801.jpg 1200w, https:\/\/sfgrs.de\/wordpress\/wp-content\/uploads\/2024\/10\/Tabletstufe-Slider-3-scaled.jpg 2560w\" sizes=\"(max-width: 1140px) 100vw, (max-width: 640px) 100vw, 1200px\" \/><\/span><\/div><div class=\"fusion-text fusion-text-1\"><h3><strong>Berufsorientierung in der MSS<\/strong><\/h3>\n<p>Mit zahlreichen Angeboten der Studien- und Berufsorientierung m\u00f6chten wir den Sch\u00fclerinnen eine Orientierung bieten, welchen Weg sie nach der Schule gehen m\u00f6chten. Unseren Sch\u00fclerinnen soll der \u00dcbergang zwischen Schule und Beruf erleichtert werden und es soll eine Hilfe sein sich in der sp\u00e4teren Berufswelt zurechtzufinden.<\/p>\n<p>Spezielle Angebote und Informationen finden Sie hier:<\/p>\n<ul>\n<li>Informationen zu Studien- und Berufsorientierung werden regelm\u00e4\u00dfig an die jeweiligen Zielgruppen weitergegeben<\/li>\n<li>Teilnahme an verschiedenen Veranstaltungen m\u00f6glich:\n<ul>\n<li>an der RPTU und Hochschule Kaiserslautern<\/li>\n<li>Informationsveranstaltungen in Mainz oder Heidelberg<\/li>\n<li><a href=\"https:\/\/www.e-fellows.net\/\">E-Fellows<\/a><\/li>\n<\/ul>\n<\/li>\n<li>Beratungsgespr\u00e4che bei Herrn Dr. Kr\u00e4mer von der Arbeitsagentur\n<ul>\n<li><a href=\"https:\/\/www.arbeitsagentur.de\/bildung\/studium\">https:\/\/www.arbeitsagentur.de\/bildung\/studium<\/a><\/li>\n<\/ul>\n<\/li>\n<li>Interessante Infos zu Studieng\u00e4ngen: <a href=\"https:\/\/studiengaenge.zeit.de\/\" target=\"_blank\" rel=\"noopener noreferrer\">https:\/\/studiengaenge.zeit.de\/<\/a><\/li>\n<\/ul>\n<h3><strong>Betriebspraktikum in Jahrgangsstufe 11<\/strong><\/h3>\n<p>\u201eBetriebspraktika sind geeignet, dem einzelnen Sch\u00fcler Erkenntnisse und Einsichten zu vermitteln, die seine individuelle Berufswahl erleichtern\u201c, hei\u00dft es in einer Bekanntmachung des Kultusministeriums. An unserer Schule wird f\u00fcr die 11. Klassen ein f\u00fcnft\u00e4giges Praktikum als Schulveranstaltung durchgef\u00fchrt werden. Das Praktikum findet in der Woche vor den Herbstferien statt und kann\/soll als freiwilliges Praktikum oder als Ferienjob in die Herbstferien verl\u00e4ngert werden.<\/p>\n<\/div><div class=\"accordian fusion-accordian\" style=\"--awb-border-size:1px;--awb-icon-size:13px;--awb-content-font-size:16px;--awb-icon-alignment:left;--awb-hover-color:#f9f9f9;--awb-border-color:var(--awb-color3);--awb-background-color:#ffffff;--awb-divider-color:var(--awb-color3);--awb-divider-hover-color:var(--awb-color3);--awb-icon-color:#ffffff;--awb-title-color:#5dad24;--awb-content-color:#747474;--awb-icon-box-color:#b8d3b6;--awb-toggle-hover-accent-color:var(--awb-color7);--awb-toggle-active-accent-color:var(--awb-color5);--awb-title-font-family:var(--awb-typography4-font-family);--awb-title-font-weight:var(--awb-typography4-font-weight);--awb-title-font-style:var(--awb-typography4-font-style);--awb-title-font-size:var(--awb-typography4-font-size);--awb-title-letter-spacing:var(--awb-typography4-letter-spacing);--awb-title-line-height:var(--awb-typography4-line-height);--awb-content-font-family:&quot;Raleway&quot;;--awb-content-font-style:normal;--awb-content-font-weight:400;\"><div class=\"panel-group fusion-toggle-icon-boxed\" id=\"accordion-10887-1\"><div class=\"fusion-panel panel-default panel-851140b18698aca17 fusion-toggle-has-divider\" style=\"--awb-title-color:var(--awb-color5);\"><div class=\"panel-heading\"><h4 class=\"panel-title toggle\" id=\"toggle_851140b18698aca17\"><a aria-expanded=\"false\" aria-controls=\"851140b18698aca17\" role=\"button\" data-toggle=\"collapse\" data-parent=\"#accordion-10887-1\" data-target=\"#851140b18698aca17\" href=\"#851140b18698aca17\"><span class=\"fusion-toggle-icon-wrapper\" aria-hidden=\"true\"><i class=\"fa-fusion-box active-icon awb-icon-minus\" aria-hidden=\"true\"><\/i><i class=\"fa-fusion-box inactive-icon awb-icon-plus\" aria-hidden=\"true\"><\/i><\/span><span class=\"fusion-toggle-heading\">Ziele, die mit der Einf\u00fchrung des Praktikums verfolgt werden<\/span><\/a><\/h4><\/div><div id=\"851140b18698aca17\" class=\"panel-collapse collapse \" aria-labelledby=\"toggle_851140b18698aca17\"><div class=\"panel-body toggle-content fusion-clearfix\">\n<p>Die Sch\u00fclerinnen sollen einen fundierten Einblick in die Berufs- und Arbeitswelt und deren Anforderungen gewinnen. Dies soll durch eigenst\u00e4ndige Wahrnehmungen geschehen. Die Sch\u00fclerinnen erfahren Verantwortung, die von ihnen gefordert wird und die von Mitarbeitern in den Betrieben ausgeht. Sie werden berufliche Schl\u00fcsselwerte wie z.B. Zuverl\u00e4ssigkeit, Ausdauer, Belastbarkeit, Kooperation erfahren.<\/p>\n<p>Zum anderen kann das Praktikum auch eine Hilfe zur Berufsfindung sein. Das Praktikum kann zur Entscheidungshilfe werden bei der Frage, ob die Schule mit dem Sekundarabschluss I (Mittlere Reife) oder dem Sekundarabschluss II verlassen wird. Zumindest sollte das Praktikum zu einer verst\u00e4rkten Motivation auch f\u00fcr das schulische Lernen beitragen. Die Wichtigkeit einer guten Ausbildung kann im Praktikum erkannt werden.<\/p>\n<p>Das Praktikum tr\u00e4gt auch zu einem \u201eRealit\u00e4tsgewinn\u201c bei, der aus der Konfrontation zwischen den Vorstellungen und der Praxis der Berufswelt entsteht. Die Sch\u00fclerinnen k\u00f6nnen die Wichtigkeit der Auseinandersetzung mit dem Thema Beruf und Berufswahl erkennen. Hierbei lernen sie die zentralen Berufswahlkriterien kennen, sie lernen, den eigenen Informationsbedarf abzusch\u00e4tzen und ihr Interesse f\u00fcr die Schriften der Berufsberatung wird verst\u00e4rkt. Im Betrieb k\u00f6nnen die Einstellungsvoraussetzungen und -kriterien ebenso kennengelernt werden wie auch schon erste pers\u00f6nliche Kontakte zu Entscheidungstr\u00e4gern im Betrieb gekn\u00fcpft werden k\u00f6nnen.<\/p>\n<p>Ein Praktikum kann auch dazu dienen, einen bestimmten Betrieb kennenzulernen. Dies ist insbesondere f\u00fcr Sch\u00fclerinnen bedeutsam, die die Schule mit dem Sekundarabschluss verlassen wollen und auf der Suche nach einem geeigneten Ausbildungsplatz sind.<\/p>\n<\/div><\/div><\/div><\/div><\/div><div class=\"fusion-text fusion-text-2 fusion-text-no-margin\" style=\"--awb-margin-top:25px;--awb-margin-bottom:0px;\"><h3><strong>Zur Organisation des Praktikums<\/strong><\/h3>\n<\/div><div class=\"accordian fusion-accordian\" style=\"--awb-border-size:1px;--awb-icon-size:13px;--awb-content-font-size:16px;--awb-icon-alignment:left;--awb-hover-color:#f9f9f9;--awb-border-color:var(--awb-color3);--awb-background-color:#ffffff;--awb-divider-color:var(--awb-color3);--awb-divider-hover-color:var(--awb-color3);--awb-icon-color:#ffffff;--awb-title-color:#5dad24;--awb-content-color:#747474;--awb-icon-box-color:#b8d3b6;--awb-toggle-hover-accent-color:var(--awb-color7);--awb-toggle-active-accent-color:var(--awb-color5);--awb-title-font-family:var(--awb-typography4-font-family);--awb-title-font-weight:var(--awb-typography4-font-weight);--awb-title-font-style:var(--awb-typography4-font-style);--awb-title-font-size:var(--awb-typography4-font-size);--awb-title-letter-spacing:var(--awb-typography4-letter-spacing);--awb-title-line-height:var(--awb-typography4-line-height);--awb-content-font-family:&quot;Raleway&quot;;--awb-content-font-style:normal;--awb-content-font-weight:400;\"><div class=\"panel-group fusion-toggle-icon-boxed\" id=\"accordion-10887-2\"><div class=\"fusion-panel panel-default panel-4b23674ff1ef23760 fusion-toggle-has-divider\" style=\"--awb-title-color:var(--awb-color5);\"><div class=\"panel-heading\"><h4 class=\"panel-title toggle\" id=\"toggle_4b23674ff1ef23760\"><a aria-expanded=\"false\" aria-controls=\"4b23674ff1ef23760\" role=\"button\" data-toggle=\"collapse\" data-parent=\"#accordion-10887-2\" data-target=\"#4b23674ff1ef23760\" href=\"#4b23674ff1ef23760\"><span class=\"fusion-toggle-icon-wrapper\" aria-hidden=\"true\"><i class=\"fa-fusion-box active-icon awb-icon-minus\" aria-hidden=\"true\"><\/i><i class=\"fa-fusion-box inactive-icon awb-icon-plus\" aria-hidden=\"true\"><\/i><\/span><span class=\"fusion-toggle-heading\">Vorbereitungsphase<\/span><\/a><\/h4><\/div><div id=\"4b23674ff1ef23760\" class=\"panel-collapse collapse \" aria-labelledby=\"toggle_4b23674ff1ef23760\"><div class=\"panel-body toggle-content fusion-clearfix\">\n<ol>\n<li>Die Sch\u00fclerinnen werden durch eine Veranstaltung im Verbund mit der Bundesagentur f\u00fcr Arbeit auf das Praktikum vorbereitet. In dieser Phase werden die Sch\u00fclerinnen sich mit den Themen Berufswahl, Praktikum und Informationsbeschaffung auseinandersetzen.<\/li>\n<li>Die Eltern erkl\u00e4ren schriftlich ihr Einverst\u00e4ndnis f\u00fcr die Teilnahme ihrer Kinder am Berufspraktikum. (Erkl\u00e4rung auf dem R\u00fcckmeldebogen)<\/li>\n<li>Die Sch\u00fclerinnen bewerben sich selbst um einen Praktikumsplatz ihrer Wahl. Bei der Form des Bewerbungsschreibens mit tabellarischem Lebenslauf k\u00f6nnen die Sch\u00fclerinnen auf Kriterien zur\u00fcckgreifen, die der Deutschunterricht in der 9. Klasse vermittelt.<\/li>\n<\/ol>\n<p>Sollten die Sch\u00fclerinnen bei der Suche nach einem Praktikumsplatz Probleme haben, werden sie durch mich als Berufswahlkoordinatorin oder durch unseren Berufsberater der Bundesagentur f\u00fcr Arbeit, Herr Dr. Kr\u00e4mer, unterst\u00fctzt. Dabei sollten die <strong>Sprechstunden Dr. Kr\u00e4mers<\/strong> beachtet werden. Einen Aushang hierzu finden die Sch\u00fclerinnen vor dem <strong>Raum CE01<\/strong>.<\/p>\n<p>Die Sch\u00fclerinnen sollen sich <strong>fr\u00fchzeitig<\/strong> um einen Praktikumsplatz k\u00fcmmern (am besten <strong><u>vor den Sommerferien<\/u><\/strong>), weil einige Betriebe vor allem in den Sommerferien geringer besetzt sind, weshalb eine R\u00fcckmeldung vom Betrieb gegebenenfalls erst sehr sp\u00e4t erfolgen kann.<\/p>\n<p>Sollten die Sch\u00fclerinnen <strong>vier Wochen vor Praktikumsbeginn<\/strong> keinen Praktikumsplatz haben, erhalten sie einen <strong>verpflichtenden Beratungstermin<\/strong> bei Herrn Dr. Kr\u00e4mer.<\/p>\n<p>Der <strong>elterliche Betrieb, die eigene Grundschule bzw. der eigene Kindergarten<\/strong> sind als Praktikumsplatz, auch aus Sicht des Ministeriums, nicht geeignet.<\/p>\n<ol start=\"4\">\n<li>Bei bestimmten Praktika, z.B. beim Umgang mit Lebensmitteln, kann eine \u00e4rztliche Untersuchung beim St\u00e4dtischen Gesundheitsamt Kaiserslautern (kostenlos!) erforderlich sein. Sollte im Rahmen Ihres Praktikums eine solche Untersuchung n\u00f6tig sein, wird die Praktikumsbetreuerin beim Gesundheitsamt einen Sammeltermin beantragen.<\/li>\n<\/ol>\n<p><strong><em><u>Der Termin des Praktikums ist langfristig von eigenen Freizeitaktivit\u00e4ten und -verpflichtungen freizuhalten! <\/u><\/em><\/strong><\/p>\n<p><strong><em><u>\u00a0<\/u><\/em><\/strong><\/p>\n<p><strong><em>! Achtung: Sch\u00fclerinnen, welche ohne triftigen Grund nicht am Praktikum teilnehmen, m\u00fcssen mit einem negativen Zeugnisvermerk und weiteren Ma\u00dfnahmen rechnen! <\/em><\/strong><\/p>\n<\/div><\/div><\/div><div class=\"fusion-panel panel-default panel-c81fd1e7a64161f62 fusion-toggle-has-divider\" style=\"--awb-title-color:var(--awb-color5);\"><div class=\"panel-heading\"><h4 class=\"panel-title toggle\" id=\"toggle_c81fd1e7a64161f62\"><a aria-expanded=\"false\" aria-controls=\"c81fd1e7a64161f62\" role=\"button\" data-toggle=\"collapse\" data-parent=\"#accordion-10887-2\" data-target=\"#c81fd1e7a64161f62\" href=\"#c81fd1e7a64161f62\"><span class=\"fusion-toggle-icon-wrapper\" aria-hidden=\"true\"><i class=\"fa-fusion-box active-icon awb-icon-minus\" aria-hidden=\"true\"><\/i><i class=\"fa-fusion-box inactive-icon awb-icon-plus\" aria-hidden=\"true\"><\/i><\/span><span class=\"fusion-toggle-heading\">Durchf\u00fchrungsphase<\/span><\/a><\/h4><\/div><div id=\"c81fd1e7a64161f62\" class=\"panel-collapse collapse \" aria-labelledby=\"toggle_c81fd1e7a64161f62\"><div class=\"panel-body toggle-content fusion-clearfix\">\n<ol>\n<li>Die Sch\u00fclerinnen arbeiten ganzt\u00e4gig nach den jeweils \u00fcblichen Arbeitszeiten der Betriebe. Jede Sch\u00fclerin muss sich auf Grund der Arbeitszeiten im Betrieb um Zug- und Buspl\u00e4ne oder Mitfahrgelegenheiten selbst k\u00fcmmern.<\/li>\n<li>Die Sch\u00fclerinnen m\u00fcssen w\u00e4hrend oder nach dem Praktikum Arbeitsauftr\u00e4ge erledigen, die nach dem Praktikum kontrolliert werden. \u00dcber Art und Umfang wird die Praktikumsleiterin die Sch\u00fclerinnen informieren.<\/li>\n<li>Das Verhalten im Betrieb wird durch ein eigenes Formblatt geregelt.<\/li>\n<li>Betreuung der Sch\u00fclerinnen w\u00e4hrend des Praktikums<\/li>\n<\/ol>\n<ul>\n<li>Die Sch\u00fclerinnen k\u00f6nnen f\u00fcr die Dauer des Praktikums w\u00e4hrend der Arbeitszeit und auch noch eine Stunde nach Arbeitsende einen betreuenden Lehrer unter einer der folgenden Telefonnummern erreichen (Tel. 0631-3175190).<\/li>\n<li>Sollte eine Sch\u00fclerin dies w\u00fcnschen, wird sie durch eine betreuende Lehrkraft im Betrieb besucht.<\/li>\n<li>Sollte ein Betrieb dies w\u00fcnschen, besucht eine betreuende Lehrkraft den Betrieb und die Praktikantin.<\/li>\n<\/ul>\n<ol start=\"5\">\n<li>Grunds\u00e4tze<\/li>\n<\/ol>\n<ul>\n<li><strong>Rechtsstellung: <\/strong>Das Praktikum ist eine schulische Veranstaltung, f\u00fcr alle Sch\u00fclerinnen besteht Teilnahmepflicht.<\/li>\n<li><strong>Entlohnung: <\/strong>Praktikanten erhalten keine Entlohnung. Die Aufnahme einer Praktikantin bedeutet eine Belastung f\u00fcr die Betriebe und ein gro\u00dfes Entgegenkommen.<\/li>\n<li><strong>Versicherungsschutz: <\/strong>F\u00fcr die Dauer des Betriebspraktikums unterliegen die Sch\u00fclerinnen wie beim Schulbesuch dem Schutz der gesetzlichen Unfallversicherung. Umwege sind zu vermeiden, nur der direkte Weg ist versichert! Haftpflichtschutz wird den Sch\u00fclerinnen, die keine private Haftpflichtversicherung haben oder deren Versicherung ein Praktikum nicht abdeckt, durch eine Zusatzversicherung gew\u00e4hrt, die vom Schultr\u00e4ger f\u00fcr eine Geb\u00fchr von 1,60\u20ac pro Woche abgeschlossen wird.<\/li>\n<\/ul>\n<p>Wird dieser R\u00fcckmeldebogen <strong>zu sp\u00e4t abgegeben<\/strong> und eine private Haftpflichtversicherung \u00fcber die Schule gew\u00fcnscht, wird eine zus\u00e4tzlich Geb\u00fchr von 1,60 \u20ac als <strong>Aufwandsentsch\u00e4digung<\/strong> f\u00e4llig.<\/p>\n<ul>\n<li><strong>Verhalten bei Fehlzeiten: <\/strong>Bei Dienstunf\u00e4higkeit m\u00fcssen sich die Praktikantinnen rechtzeitig entschuldigen, und zwar<\/li>\n<\/ul>\n<ol>\n<li>beim Betrieb (dem Betreuer und dem Personalb\u00fcro)<\/li>\n<li>in der Schule (beim Sekretariat)<\/li>\n<\/ol>\n<p><em>\u00a0\u00a0\u00a0\u00a0\u00a0 Die Vorlage einer \u00e4rztlichen Bescheinigung kann verlangt werden. <\/em><\/p>\n<\/div><\/div><\/div><div class=\"fusion-panel panel-default panel-6898b2291dd9aa0d5 fusion-toggle-has-divider\" style=\"--awb-title-color:var(--awb-color5);\"><div class=\"panel-heading\"><h4 class=\"panel-title toggle\" id=\"toggle_6898b2291dd9aa0d5\"><a aria-expanded=\"false\" aria-controls=\"6898b2291dd9aa0d5\" role=\"button\" data-toggle=\"collapse\" data-parent=\"#accordion-10887-2\" data-target=\"#6898b2291dd9aa0d5\" href=\"#6898b2291dd9aa0d5\"><span class=\"fusion-toggle-icon-wrapper\" aria-hidden=\"true\"><i class=\"fa-fusion-box active-icon awb-icon-minus\" aria-hidden=\"true\"><\/i><i class=\"fa-fusion-box inactive-icon awb-icon-plus\" aria-hidden=\"true\"><\/i><\/span><span class=\"fusion-toggle-heading\">Auswertungsphase<\/span><\/a><\/h4><\/div><div id=\"6898b2291dd9aa0d5\" class=\"panel-collapse collapse \" aria-labelledby=\"toggle_6898b2291dd9aa0d5\"><div class=\"panel-body toggle-content fusion-clearfix\">\n<p>Die Auswertung erfolgt im Gespr\u00e4ch \u00fcber die Erfahrungen der Sch\u00fclerinnen durch Einbindung der praktischen Erfahrungen im Sozialkundeunterricht und \u00fcber die Veranstaltung \u201e11 vor 9\u201c, in welcher die Sch\u00fclerinnen ihr Praktikum den Sch\u00fclerinnen der neunten Klassen pr\u00e4sentieren.<\/p>\n<p>Wir hoffen, Ihre wichtigsten Fragen, die sich im Zusammenhang mit der Organisation des berufskundlichen Unterrichts stellen, beantwortet zu haben, weitere Informationen ergehen n\u00f6tigenfalls im Unterricht.<\/p>\n<\/div><\/div><\/div><\/div><\/div><div class=\"fusion-image-carousel fusion-image-carousel-auto fusion-image-carousel-1 fusion-carousel-border\"><div class=\"awb-carousel awb-swiper awb-swiper-carousel\" data-autoplay=\"no\" data-columns=\"3\" data-itemmargin=\"13\" data-itemwidth=\"180\" data-touchscroll=\"no\" data-imagesize=\"auto\" style=\"--awb-columns:3;\"><div class=\"swiper-wrapper awb-image-carousel-wrapper fusion-flex-align-items-center\"><div class=\"swiper-slide\"><div class=\"fusion-carousel-item-wrapper\"><div class=\"fusion-image-wrapper hover-type-none\"><img decoding=\"async\" width=\"500\" height=\"300\" src=\"https:\/\/sfgrs.de\/wordpress\/wp-content\/uploads\/2024\/10\/St.-Franziskus-Gymnasium.png\" class=\"attachment-full size-full\" alt=\"\" srcset=\"https:\/\/sfgrs.de\/wordpress\/wp-content\/uploads\/2024\/10\/St.-Franziskus-Gymnasium-200x120.png 200w, https:\/\/sfgrs.de\/wordpress\/wp-content\/uploads\/2024\/10\/St.-Franziskus-Gymnasium-300x180.png 300w, https:\/\/sfgrs.de\/wordpress\/wp-content\/uploads\/2024\/10\/St.-Franziskus-Gymnasium-400x240.png 400w, https:\/\/sfgrs.de\/wordpress\/wp-content\/uploads\/2024\/10\/St.-Franziskus-Gymnasium.png 500w\" sizes=\"(max-width: 500px) 100vw, 500px\" \/><\/div><\/div><\/div><\/div><div class=\"awb-swiper-button awb-swiper-button-prev\"><i class=\"awb-icon-angle-left\" aria-hidden=\"true\"><\/i><\/div><div class=\"awb-swiper-button awb-swiper-button-next\"><i class=\"awb-icon-angle-right\" aria-hidden=\"true\"><\/i><\/div><\/div><\/div><\/div><\/div><div class=\"fusion-layout-column fusion_builder_column fusion-builder-column-2 fusion_builder_column_1_6 1_6 fusion-flex-column\" style=\"--awb-bg-size:cover;--awb-width-large:16.666666666667%;--awb-margin-top-large:0px;--awb-spacing-right-large:11.52%;--awb-margin-bottom-large:20px;--awb-spacing-left-large:11.52%;--awb-width-medium:100%;--awb-order-medium:0;--awb-spacing-right-medium:1.92%;--awb-spacing-left-medium:1.92%;--awb-width-small:100%;--awb-order-small:0;--awb-spacing-right-small:1.92%;--awb-spacing-left-small:1.92%;\"><div class=\"fusion-column-wrapper fusion-column-has-shadow fusion-flex-justify-content-flex-start fusion-content-layout-column\"><\/div><\/div><\/div><\/div>\n","protected":false},"excerpt":{"rendered":"","protected":false},"author":13,"featured_media":0,"parent":0,"menu_order":0,"comment_status":"closed","ping_status":"closed","template":"","meta":{"footnotes":""},"categories":[42],"tags":[],"class_list":["post-10887","page","type-page","status-publish","hentry","category-sub-mss"],"_links":{"self":[{"href":"https:\/\/sfgrs.de\/wordpress\/index.php\/wp-json\/wp\/v2\/pages\/10887","targetHints":{"allow":["GET"]}}],"collection":[{"href":"https:\/\/sfgrs.de\/wordpress\/index.php\/wp-json\/wp\/v2\/pages"}],"about":[{"href":"https:\/\/sfgrs.de\/wordpress\/index.php\/wp-json\/wp\/v2\/types\/page"}],"author":[{"embeddable":true,"href":"https:\/\/sfgrs.de\/wordpress\/index.php\/wp-json\/wp\/v2\/users\/13"}],"replies":[{"embeddable":true,"href":"https:\/\/sfgrs.de\/wordpress\/index.php\/wp-json\/wp\/v2\/comments?post=10887"}],"version-history":[{"count":10,"href":"https:\/\/sfgrs.de\/wordpress\/index.php\/wp-json\/wp\/v2\/pages\/10887\/revisions"}],"predecessor-version":[{"id":11591,"href":"https:\/\/sfgrs.de\/wordpress\/index.php\/wp-json\/wp\/v2\/pages\/10887\/revisions\/11591"}],"wp:attachment":[{"href":"https:\/\/sfgrs.de\/wordpress\/index.php\/wp-json\/wp\/v2\/media?parent=10887"}],"wp:term":[{"taxonomy":"category","embeddable":true,"href":"https:\/\/sfgrs.de\/wordpress\/index.php\/wp-json\/wp\/v2\/categories?post=10887"},{"taxonomy":"post_tag","embeddable":true,"href":"https:\/\/sfgrs.de\/wordpress\/index.php\/wp-json\/wp\/v2\/tags?post=10887"}],"curies":[{"name":"wp","href":"https:\/\/api.w.org\/{rel}","templated":true}]}}