{"id":11304,"date":"2024-10-29T22:48:32","date_gmt":"2024-10-29T21:48:32","guid":{"rendered":"https:\/\/sfgrs.de\/wordpress\/sfgrs-24\/?page_id=11304"},"modified":"2024-10-30T09:34:06","modified_gmt":"2024-10-30T08:34:06","slug":"franziskanisches-profil-und-leitbild","status":"publish","type":"page","link":"https:\/\/sfgrs.de\/wordpress\/index.php\/franziskanisches-profil-und-leitbild\/","title":{"rendered":"Franziskanisches Profil und Leitbild"},"content":{"rendered":"<div class=\"fusion-fullwidth fullwidth-box fusion-builder-row-1 fusion-flex-container has-pattern-background has-mask-background nonhundred-percent-fullwidth non-hundred-percent-height-scrolling\" style=\"--awb-border-radius-top-left:0px;--awb-border-radius-top-right:0px;--awb-border-radius-bottom-right:0px;--awb-border-radius-bottom-left:0px;--awb-flex-wrap:wrap;\" ><div class=\"fusion-builder-row fusion-row fusion-flex-align-items-flex-start fusion-flex-content-wrap\" style=\"max-width:1456px;margin-left: calc(-4% \/ 2 );margin-right: calc(-4% \/ 2 );\"><div class=\"fusion-layout-column fusion_builder_column fusion-builder-column-0 fusion_builder_column_1_6 1_6 fusion-flex-column\" style=\"--awb-bg-size:cover;--awb-width-large:16.666666666667%;--awb-margin-top-large:0px;--awb-spacing-right-large:11.52%;--awb-margin-bottom-large:20px;--awb-spacing-left-large:11.52%;--awb-width-medium:100%;--awb-order-medium:0;--awb-spacing-right-medium:1.92%;--awb-spacing-left-medium:1.92%;--awb-width-small:100%;--awb-order-small:0;--awb-spacing-right-small:1.92%;--awb-spacing-left-small:1.92%;\"><div class=\"fusion-column-wrapper fusion-column-has-shadow fusion-flex-justify-content-flex-start fusion-content-layout-column\"><\/div><\/div><div class=\"fusion-layout-column fusion_builder_column fusion-builder-column-1 fusion_builder_column_2_3 2_3 fusion-flex-column\" style=\"--awb-bg-size:cover;--awb-width-large:66.666666666667%;--awb-margin-top-large:0px;--awb-spacing-right-large:2.88%;--awb-margin-bottom-large:20px;--awb-spacing-left-large:2.88%;--awb-width-medium:100%;--awb-order-medium:0;--awb-spacing-right-medium:1.92%;--awb-spacing-left-medium:1.92%;--awb-width-small:100%;--awb-order-small:0;--awb-spacing-right-small:1.92%;--awb-spacing-left-small:1.92%;\"><div class=\"fusion-column-wrapper fusion-column-has-shadow fusion-flex-justify-content-flex-start fusion-content-layout-column\"><div class=\"fusion-image-element \" style=\"--awb-aspect-ratio:21 \/ 9;--awb-object-position:49% 49%;--awb-margin-bottom:30px;--awb-caption-title-font-family:var(--h2_typography-font-family);--awb-caption-title-font-weight:var(--h2_typography-font-weight);--awb-caption-title-font-style:var(--h2_typography-font-style);--awb-caption-title-size:var(--h2_typography-font-size);--awb-caption-title-transform:var(--h2_typography-text-transform);--awb-caption-title-line-height:var(--h2_typography-line-height);--awb-caption-title-letter-spacing:var(--h2_typography-letter-spacing);\"><span class=\" fusion-imageframe imageframe-none imageframe-1 hover-type-none has-aspect-ratio\"><img decoding=\"async\" width=\"300\" height=\"200\" title=\"Franziskustag 2022-37\" src=\"https:\/\/sfgrs.de\/wordpress\/wp-content\/uploads\/2024\/10\/Franziskustag-2022-37-300x200.jpg\" class=\"img-responsive wp-image-11512 img-with-aspect-ratio\" alt srcset=\"https:\/\/sfgrs.de\/wordpress\/wp-content\/uploads\/2024\/10\/Franziskustag-2022-37-200x133.jpg 200w, https:\/\/sfgrs.de\/wordpress\/wp-content\/uploads\/2024\/10\/Franziskustag-2022-37-400x267.jpg 400w, https:\/\/sfgrs.de\/wordpress\/wp-content\/uploads\/2024\/10\/Franziskustag-2022-37-600x400.jpg 600w, https:\/\/sfgrs.de\/wordpress\/wp-content\/uploads\/2024\/10\/Franziskustag-2022-37-800x534.jpg 800w, https:\/\/sfgrs.de\/wordpress\/wp-content\/uploads\/2024\/10\/Franziskustag-2022-37-1200x800.jpg 1200w\" sizes=\"(max-width: 1140px) 100vw, (max-width: 640px) 100vw, 1200px\" \/><\/span><\/div><div class=\"fusion-text fusion-text-1 fusion-text-no-margin\" style=\"--awb-margin-bottom:30px;\"><h3><strong>Wir sind franziskanisch!<\/strong><\/h3>\n<p>F\u00fcr Franz von Assisi stand der Mensch, nicht dessen Leistung oder soziale Stellung, im Mittelpunkt. Unsere Sch\u00fclerinnen f\u00f6rdern und fordern wir gleicherma\u00dfen als Menschen \u2013 bei aller Verschiedenheit in Pers\u00f6nlichkeit und Begabung.<\/p>\n<p>Gegenseitige Wertsch\u00e4tzung pr\u00e4gt die Atmosph\u00e4re an unserer Schule.<\/p>\n<\/div><div class=\"accordian fusion-accordian\" style=\"--awb-border-size:1px;--awb-icon-size:13px;--awb-content-font-size:16px;--awb-icon-alignment:left;--awb-hover-color:#f9f9f9;--awb-border-color:var(--awb-color3);--awb-background-color:#ffffff;--awb-divider-color:var(--awb-color3);--awb-divider-hover-color:var(--awb-color3);--awb-icon-color:#ffffff;--awb-title-color:#5dad24;--awb-content-color:#747474;--awb-icon-box-color:#b8d3b6;--awb-toggle-hover-accent-color:var(--awb-color7);--awb-toggle-active-accent-color:var(--awb-color5);--awb-title-font-family:var(--awb-typography4-font-family);--awb-title-font-weight:var(--awb-typography4-font-weight);--awb-title-font-style:var(--awb-typography4-font-style);--awb-title-font-size:var(--awb-typography4-font-size);--awb-title-letter-spacing:var(--awb-typography4-letter-spacing);--awb-title-line-height:var(--awb-typography4-line-height);--awb-content-font-family:&quot;Raleway&quot;;--awb-content-font-style:normal;--awb-content-font-weight:400;\"><div class=\"panel-group fusion-toggle-icon-boxed\" id=\"accordion-11304-1\"><div class=\"fusion-panel panel-default panel-c87724d0042020736 fusion-toggle-has-divider\" style=\"--awb-title-color:var(--awb-color5);\"><div class=\"panel-heading\"><h4 class=\"panel-title toggle\" id=\"toggle_c87724d0042020736\"><a aria-expanded=\"false\" aria-controls=\"c87724d0042020736\" role=\"button\" data-toggle=\"collapse\" data-parent=\"#accordion-11304-1\" data-target=\"#c87724d0042020736\" href=\"#c87724d0042020736\"><span class=\"fusion-toggle-icon-wrapper\" aria-hidden=\"true\"><i class=\"fa-fusion-box active-icon awb-icon-minus\" aria-hidden=\"true\"><\/i><i class=\"fa-fusion-box inactive-icon awb-icon-plus\" aria-hidden=\"true\"><\/i><\/span><span class=\"fusion-toggle-heading\">Miteinander<\/span><\/a><\/h4><\/div><div id=\"c87724d0042020736\" class=\"panel-collapse collapse \" aria-labelledby=\"toggle_c87724d0042020736\"><div class=\"panel-body toggle-content fusion-clearfix\">\n<p>Im Miteinander unterst\u00fctzen wir die Kinder durch gemeinsame Aktivit\u00e4ten in den Klassenleiterstunden. Mit den Ankommenstagen in der 5. Klasse und den Gemeinschaftstagen in der 7. Klasse st\u00e4rken wir die Klassengemeinschaft.<\/p>\n<p>Bei Problemen unterst\u00fctzen die Klassenleitung, die Verbindungslehrkr\u00e4fte, die Streitschlicherinnen, das Schulseelsorgeteam und die Schulsozialarbieterin.<\/p>\n<\/div><\/div><\/div><div class=\"fusion-panel panel-default panel-d5ae50e8745ac72c2 fusion-toggle-has-divider\" style=\"--awb-title-color:var(--awb-color5);\"><div class=\"panel-heading\"><h4 class=\"panel-title toggle\" id=\"toggle_d5ae50e8745ac72c2\"><a aria-expanded=\"false\" aria-controls=\"d5ae50e8745ac72c2\" role=\"button\" data-toggle=\"collapse\" data-parent=\"#accordion-11304-1\" data-target=\"#d5ae50e8745ac72c2\" href=\"#d5ae50e8745ac72c2\"><span class=\"fusion-toggle-icon-wrapper\" aria-hidden=\"true\"><i class=\"fa-fusion-box active-icon awb-icon-minus\" aria-hidden=\"true\"><\/i><i class=\"fa-fusion-box inactive-icon awb-icon-plus\" aria-hidden=\"true\"><\/i><\/span><span class=\"fusion-toggle-heading\">Christliche Akzente<\/span><\/a><\/h4><\/div><div id=\"d5ae50e8745ac72c2\" class=\"panel-collapse collapse \" aria-labelledby=\"toggle_d5ae50e8745ac72c2\"><div class=\"panel-body toggle-content fusion-clearfix\">\n<p>Der Unterrichtstag beginnt mit einem Morgenimpuls. In den w\u00f6chentlichen Gottesdiensten in Klasse 5 erfahren die M\u00e4dchen christliche Gemeinschaft im gemeinsamen Singen und Mitgestalten. Schulgottesdienste sind Ereignisse f\u00fcr die ganze Schulgemeinschaft und finden mehrmals im Jahr mal im Schulhof, mal in den umliegenden Kirchen oder auch in unseren Turnhallen statt.<\/p>\n<p>An unserer Schule besuchen alle Sch\u00fclerinnen den katholischen oder evangelischen Religions- unterricht. Wir lernen dabei mit- und voneinander.<\/p>\n<\/div><\/div><\/div><div class=\"fusion-panel panel-default panel-6677761cafc59581e fusion-toggle-has-divider\" style=\"--awb-title-color:var(--awb-color5);\"><div class=\"panel-heading\"><h4 class=\"panel-title toggle\" id=\"toggle_6677761cafc59581e\"><a aria-expanded=\"false\" aria-controls=\"6677761cafc59581e\" role=\"button\" data-toggle=\"collapse\" data-parent=\"#accordion-11304-1\" data-target=\"#6677761cafc59581e\" href=\"#6677761cafc59581e\"><span class=\"fusion-toggle-icon-wrapper\" aria-hidden=\"true\"><i class=\"fa-fusion-box active-icon awb-icon-minus\" aria-hidden=\"true\"><\/i><i class=\"fa-fusion-box inactive-icon awb-icon-plus\" aria-hidden=\"true\"><\/i><\/span><span class=\"fusion-toggle-heading\">Kritische Auseinandersetzung mit Glaubensfragen<\/span><\/a><\/h4><\/div><div id=\"6677761cafc59581e\" class=\"panel-collapse collapse \" aria-labelledby=\"toggle_6677761cafc59581e\"><div class=\"panel-body toggle-content fusion-clearfix\">\n<p>Wie Franziskus begegnen wir anderen Religionen und Kulturen mit Achtung und sind offen f\u00fcr kritische Auseinandersetzung in Glaubensfragen. Im Unterricht, u.a. in Religion, Geschichte und Sozialkunde, \u00fcben wir Diskussionen \u00fcber gesellschaftliche Themen ein. Wir ermutigen die Sch\u00fclerinnen, sich ein eigenes Bild zu machen, zu eigenen Urteilen zu kommen und sich f\u00fcr ihre Ideale einzusetzen und zu engagieren.<\/p>\n<\/div><\/div><\/div><div class=\"fusion-panel panel-default panel-deb6ffb3b44ff87af fusion-toggle-has-divider\" style=\"--awb-title-color:var(--awb-color5);\"><div class=\"panel-heading\"><h4 class=\"panel-title toggle\" id=\"toggle_deb6ffb3b44ff87af\"><a aria-expanded=\"false\" aria-controls=\"deb6ffb3b44ff87af\" role=\"button\" data-toggle=\"collapse\" data-parent=\"#accordion-11304-1\" data-target=\"#deb6ffb3b44ff87af\" href=\"#deb6ffb3b44ff87af\"><span class=\"fusion-toggle-icon-wrapper\" aria-hidden=\"true\"><i class=\"fa-fusion-box active-icon awb-icon-minus\" aria-hidden=\"true\"><\/i><i class=\"fa-fusion-box inactive-icon awb-icon-plus\" aria-hidden=\"true\"><\/i><\/span><span class=\"fusion-toggle-heading\">Seelsorgeteam<\/span><\/a><\/h4><\/div><div id=\"deb6ffb3b44ff87af\" class=\"panel-collapse collapse \" aria-labelledby=\"toggle_deb6ffb3b44ff87af\"><div class=\"panel-body toggle-content fusion-clearfix\">\n<p>Das Seelsorgeteam bietet AGs und Impulse an, um die eigene Spiritualit\u00e4t zu entdecken. Eine Taiz\u00e9-Fahrt als freiwilliges Angebot findet im Sommer statt.<\/p>\n<\/div><\/div><\/div><div class=\"fusion-panel panel-default panel-bb2fb3e34df4bb1e1 fusion-toggle-has-divider\" style=\"--awb-title-color:var(--awb-color5);\"><div class=\"panel-heading\"><h4 class=\"panel-title toggle\" id=\"toggle_bb2fb3e34df4bb1e1\"><a aria-expanded=\"false\" aria-controls=\"bb2fb3e34df4bb1e1\" role=\"button\" data-toggle=\"collapse\" data-parent=\"#accordion-11304-1\" data-target=\"#bb2fb3e34df4bb1e1\" href=\"#bb2fb3e34df4bb1e1\"><span class=\"fusion-toggle-icon-wrapper\" aria-hidden=\"true\"><i class=\"fa-fusion-box active-icon awb-icon-minus\" aria-hidden=\"true\"><\/i><i class=\"fa-fusion-box inactive-icon awb-icon-plus\" aria-hidden=\"true\"><\/i><\/span><span class=\"fusion-toggle-heading\">Verantwortung f\u00fcr die Umwelt<\/span><\/a><\/h4><\/div><div id=\"bb2fb3e34df4bb1e1\" class=\"panel-collapse collapse \" aria-labelledby=\"toggle_bb2fb3e34df4bb1e1\"><div class=\"panel-body toggle-content fusion-clearfix\">\n<p>Wie Franziskus \u00fcbernehmen wir Verantwortung f\u00fcr Sch\u00f6pfung und Umwelt. Nachhaltigkeit wird im Unterricht und im Schulalltag thematisiert. Wir \u00fcben von Anfang an konsequente M\u00fclltrennung im Schulhaus ein. Die Hochbeete im Schulhof werden von Sch\u00fclerinnen geflegt.<\/p>\n<\/div><\/div><\/div><div class=\"fusion-panel panel-default panel-79ea9346cfca6cde1 fusion-toggle-has-divider\" style=\"--awb-title-color:var(--awb-color5);\"><div class=\"panel-heading\"><h4 class=\"panel-title toggle\" id=\"toggle_79ea9346cfca6cde1\"><a aria-expanded=\"false\" aria-controls=\"79ea9346cfca6cde1\" role=\"button\" data-toggle=\"collapse\" data-parent=\"#accordion-11304-1\" data-target=\"#79ea9346cfca6cde1\" href=\"#79ea9346cfca6cde1\"><span class=\"fusion-toggle-icon-wrapper\" aria-hidden=\"true\"><i class=\"fa-fusion-box active-icon awb-icon-minus\" aria-hidden=\"true\"><\/i><i class=\"fa-fusion-box inactive-icon awb-icon-plus\" aria-hidden=\"true\"><\/i><\/span><span class=\"fusion-toggle-heading\">Soziales Engagement<\/span><\/a><\/h4><\/div><div id=\"79ea9346cfca6cde1\" class=\"panel-collapse collapse \" aria-labelledby=\"toggle_79ea9346cfca6cde1\"><div class=\"panel-body toggle-content fusion-clearfix\">\n<p>Wir ermutigen die Sch\u00fclerinnen dazu, wie Franziskus Leid und Ungerechtigkeit wahrzunehmen und sich sozial zu engagieren. An Weihnachten packen die Klassen P\u00e4ckchen f\u00fcr Bed\u00fcrftige. Der Erl\u00f6s des j\u00e4hrlichen <a href=\"https:\/\/sfgrs.de\/wordpress\/?page_id=11231&amp;preview=true\">sozialen Tages<\/a> geht an Schulen der Dillinger Franziskanerinnen in Indien und Brasilien sowie an lokale Projekte. In Klasse 10 des Gymnasiums machen die Sch\u00fclerinnen ein \u00f6kologisches oder soziales Praktikum z.B. beim Haus der Nachhaltigkeit, in einer inklusiven KiTa, einem Altenheim oder anderen Einrichtung. Die Praktika werden intensiv vor- und nachbereitet.<\/p>\n<\/div><\/div><\/div><div class=\"fusion-panel panel-default panel-6fd97dd2fb4d48e5a fusion-toggle-has-divider\" style=\"--awb-title-color:var(--awb-color5);\"><div class=\"panel-heading\"><h4 class=\"panel-title toggle\" id=\"toggle_6fd97dd2fb4d48e5a\"><a aria-expanded=\"false\" aria-controls=\"6fd97dd2fb4d48e5a\" role=\"button\" data-toggle=\"collapse\" data-parent=\"#accordion-11304-1\" data-target=\"#6fd97dd2fb4d48e5a\" href=\"#6fd97dd2fb4d48e5a\"><span class=\"fusion-toggle-icon-wrapper\" aria-hidden=\"true\"><i class=\"fa-fusion-box active-icon awb-icon-minus\" aria-hidden=\"true\"><\/i><i class=\"fa-fusion-box inactive-icon awb-icon-plus\" aria-hidden=\"true\"><\/i><\/span><span class=\"fusion-toggle-heading\">Franziskus- und Sch\u00f6pfungstag<\/span><\/a><\/h4><\/div><div id=\"6fd97dd2fb4d48e5a\" class=\"panel-collapse collapse \" aria-labelledby=\"toggle_6fd97dd2fb4d48e5a\"><div class=\"panel-body toggle-content fusion-clearfix\">\n<p>Unser franziskanisches Profil sch\u00e4rfen wir an den Franziskus- und Sch\u00f6pfungstagen, die im Wechsel j\u00e4hrlich stattfinden. Dort setzen wir uns mit Themen wie Freundschaft, Armut und Gerechtigkeit sowie gesundem Fr\u00fchst\u00fcck, M\u00fcllvermeidung, nachhaltigem Bauen und Wohnen auseinander.<\/p>\n<\/div><\/div><\/div><\/div><\/div><div class=\"fusion-image-carousel fusion-image-carousel-auto fusion-image-carousel-1 fusion-carousel-border\"><div class=\"awb-carousel awb-swiper awb-swiper-carousel\" data-autoplay=\"no\" data-columns=\"3\" data-itemmargin=\"13\" data-itemwidth=\"180\" data-touchscroll=\"no\" data-imagesize=\"auto\" style=\"--awb-columns:3;\"><div class=\"swiper-wrapper awb-image-carousel-wrapper fusion-flex-align-items-center\"><div class=\"swiper-slide\"><div class=\"fusion-carousel-item-wrapper\"><div class=\"fusion-image-wrapper hover-type-none\"><img decoding=\"async\" width=\"2560\" height=\"1442\" src=\"https:\/\/sfgrs.de\/wordpress\/wp-content\/uploads\/2024\/10\/n_8ifBpF-scaled-e1729668891726.jpeg\" class=\"attachment-full size-full\" alt=\"\" srcset=\"https:\/\/sfgrs.de\/wordpress\/wp-content\/uploads\/2024\/10\/n_8ifBpF-scaled-e1729668891726-200x113.jpeg 200w, https:\/\/sfgrs.de\/wordpress\/wp-content\/uploads\/2024\/10\/n_8ifBpF-scaled-e1729668891726-400x225.jpeg 400w, https:\/\/sfgrs.de\/wordpress\/wp-content\/uploads\/2024\/10\/n_8ifBpF-scaled-e1729668891726-600x338.jpeg 600w, https:\/\/sfgrs.de\/wordpress\/wp-content\/uploads\/2024\/10\/n_8ifBpF-scaled-e1729668891726-800x451.jpeg 800w, https:\/\/sfgrs.de\/wordpress\/wp-content\/uploads\/2024\/10\/n_8ifBpF-scaled-e1729668891726-1200x676.jpeg 1200w, https:\/\/sfgrs.de\/wordpress\/wp-content\/uploads\/2024\/10\/n_8ifBpF-scaled-e1729668891726.jpeg 2560w\" sizes=\"(min-width: 2200px) 100vw, (min-width: 960px) 458px, (min-width: 800px) 687px, (min-width: 640px) 800px, \" \/><\/div><\/div><\/div><div class=\"swiper-slide\"><div class=\"fusion-carousel-item-wrapper\"><div class=\"fusion-image-wrapper hover-type-none\"><img decoding=\"async\" width=\"1151\" height=\"768\" src=\"https:\/\/sfgrs.de\/wordpress\/wp-content\/uploads\/2024\/09\/Gottesdienst-8.jpeg\" class=\"attachment-full size-full\" alt=\"\" srcset=\"https:\/\/sfgrs.de\/wordpress\/wp-content\/uploads\/2024\/09\/Gottesdienst-8-200x133.jpeg 200w, https:\/\/sfgrs.de\/wordpress\/wp-content\/uploads\/2024\/09\/Gottesdienst-8-400x267.jpeg 400w, https:\/\/sfgrs.de\/wordpress\/wp-content\/uploads\/2024\/09\/Gottesdienst-8-600x400.jpeg 600w, https:\/\/sfgrs.de\/wordpress\/wp-content\/uploads\/2024\/09\/Gottesdienst-8-800x534.jpeg 800w, https:\/\/sfgrs.de\/wordpress\/wp-content\/uploads\/2024\/09\/Gottesdienst-8.jpeg 1151w\" sizes=\"(min-width: 2200px) 100vw, (min-width: 960px) 458px, (min-width: 800px) 687px, (min-width: 640px) 800px, \" \/><\/div><\/div><\/div><div class=\"swiper-slide\"><div class=\"fusion-carousel-item-wrapper\"><div class=\"fusion-image-wrapper hover-type-none\"><img decoding=\"async\" width=\"1152\" height=\"768\" src=\"https:\/\/sfgrs.de\/wordpress\/wp-content\/uploads\/2024\/02\/Besuch-Stadtbildpflege-09666.jpg\" class=\"attachment-full size-full\" alt=\"\" srcset=\"https:\/\/sfgrs.de\/wordpress\/wp-content\/uploads\/2024\/02\/Besuch-Stadtbildpflege-09666-200x133.jpg 200w, https:\/\/sfgrs.de\/wordpress\/wp-content\/uploads\/2024\/02\/Besuch-Stadtbildpflege-09666-400x267.jpg 400w, https:\/\/sfgrs.de\/wordpress\/wp-content\/uploads\/2024\/02\/Besuch-Stadtbildpflege-09666-600x400.jpg 600w, https:\/\/sfgrs.de\/wordpress\/wp-content\/uploads\/2024\/02\/Besuch-Stadtbildpflege-09666-800x533.jpg 800w, https:\/\/sfgrs.de\/wordpress\/wp-content\/uploads\/2024\/02\/Besuch-Stadtbildpflege-09666.jpg 1152w\" sizes=\"(min-width: 2200px) 100vw, (min-width: 960px) 458px, (min-width: 800px) 687px, (min-width: 640px) 800px, \" \/><\/div><\/div><\/div><div class=\"swiper-slide\"><div class=\"fusion-carousel-item-wrapper\"><div class=\"fusion-image-wrapper hover-type-none\"><img decoding=\"async\" width=\"1920\" height=\"2560\" src=\"https:\/\/sfgrs.de\/wordpress\/wp-content\/uploads\/2024\/10\/IMG_7751-scaled.jpeg\" class=\"attachment-full size-full\" alt=\"\" srcset=\"https:\/\/sfgrs.de\/wordpress\/wp-content\/uploads\/2024\/10\/IMG_7751-200x267.jpeg 200w, https:\/\/sfgrs.de\/wordpress\/wp-content\/uploads\/2024\/10\/IMG_7751-400x533.jpeg 400w, https:\/\/sfgrs.de\/wordpress\/wp-content\/uploads\/2024\/10\/IMG_7751-600x800.jpeg 600w, https:\/\/sfgrs.de\/wordpress\/wp-content\/uploads\/2024\/10\/IMG_7751-800x1067.jpeg 800w, https:\/\/sfgrs.de\/wordpress\/wp-content\/uploads\/2024\/10\/IMG_7751-1200x1600.jpeg 1200w, https:\/\/sfgrs.de\/wordpress\/wp-content\/uploads\/2024\/10\/IMG_7751-scaled.jpeg 1920w\" sizes=\"(min-width: 2200px) 100vw, (min-width: 960px) 458px, (min-width: 800px) 687px, (min-width: 640px) 800px, \" \/><\/div><\/div><\/div><div class=\"swiper-slide\"><div class=\"fusion-carousel-item-wrapper\"><div class=\"fusion-image-wrapper hover-type-none\"><img decoding=\"async\" width=\"2560\" height=\"1920\" src=\"https:\/\/sfgrs.de\/wordpress\/wp-content\/uploads\/2024\/10\/IMG_7749-scaled.jpeg\" class=\"attachment-full size-full\" alt=\"\" srcset=\"https:\/\/sfgrs.de\/wordpress\/wp-content\/uploads\/2024\/10\/IMG_7749-200x150.jpeg 200w, https:\/\/sfgrs.de\/wordpress\/wp-content\/uploads\/2024\/10\/IMG_7749-400x300.jpeg 400w, https:\/\/sfgrs.de\/wordpress\/wp-content\/uploads\/2024\/10\/IMG_7749-600x450.jpeg 600w, https:\/\/sfgrs.de\/wordpress\/wp-content\/uploads\/2024\/10\/IMG_7749-800x600.jpeg 800w, https:\/\/sfgrs.de\/wordpress\/wp-content\/uploads\/2024\/10\/IMG_7749-1200x900.jpeg 1200w, https:\/\/sfgrs.de\/wordpress\/wp-content\/uploads\/2024\/10\/IMG_7749-scaled.jpeg 2560w\" sizes=\"(min-width: 2200px) 100vw, (min-width: 960px) 458px, (min-width: 800px) 687px, (min-width: 640px) 800px, \" \/><\/div><\/div><\/div><div class=\"swiper-slide\"><div class=\"fusion-carousel-item-wrapper\"><div class=\"fusion-image-wrapper hover-type-none\"><img decoding=\"async\" width=\"1920\" height=\"2560\" src=\"https:\/\/sfgrs.de\/wordpress\/wp-content\/uploads\/2024\/10\/IMG_8123-scaled.jpeg\" class=\"attachment-full size-full\" alt=\"\" srcset=\"https:\/\/sfgrs.de\/wordpress\/wp-content\/uploads\/2024\/10\/IMG_8123-200x267.jpeg 200w, https:\/\/sfgrs.de\/wordpress\/wp-content\/uploads\/2024\/10\/IMG_8123-400x533.jpeg 400w, https:\/\/sfgrs.de\/wordpress\/wp-content\/uploads\/2024\/10\/IMG_8123-600x800.jpeg 600w, https:\/\/sfgrs.de\/wordpress\/wp-content\/uploads\/2024\/10\/IMG_8123-800x1067.jpeg 800w, https:\/\/sfgrs.de\/wordpress\/wp-content\/uploads\/2024\/10\/IMG_8123-1200x1600.jpeg 1200w, https:\/\/sfgrs.de\/wordpress\/wp-content\/uploads\/2024\/10\/IMG_8123-scaled.jpeg 1920w\" sizes=\"(min-width: 2200px) 100vw, (min-width: 960px) 458px, (min-width: 800px) 687px, (min-width: 640px) 800px, \" \/><\/div><\/div><\/div><\/div><div class=\"awb-swiper-button awb-swiper-button-prev\"><i class=\"awb-icon-angle-left\" aria-hidden=\"true\"><\/i><\/div><div class=\"awb-swiper-button awb-swiper-button-next\"><i class=\"awb-icon-angle-right\" aria-hidden=\"true\"><\/i><\/div><\/div><\/div><\/div><\/div><div class=\"fusion-layout-column fusion_builder_column fusion-builder-column-2 fusion_builder_column_1_6 1_6 fusion-flex-column\" style=\"--awb-bg-size:cover;--awb-width-large:16.666666666667%;--awb-margin-top-large:0px;--awb-spacing-right-large:11.52%;--awb-margin-bottom-large:20px;--awb-spacing-left-large:11.52%;--awb-width-medium:100%;--awb-order-medium:0;--awb-spacing-right-medium:1.92%;--awb-spacing-left-medium:1.92%;--awb-width-small:100%;--awb-order-small:0;--awb-spacing-right-small:1.92%;--awb-spacing-left-small:1.92%;\"><div class=\"fusion-column-wrapper fusion-column-has-shadow fusion-flex-justify-content-flex-start fusion-content-layout-column\"><\/div><\/div><\/div><\/div>\n","protected":false},"excerpt":{"rendered":"","protected":false},"author":13,"featured_media":0,"parent":0,"menu_order":0,"comment_status":"closed","ping_status":"closed","template":"","meta":{"footnotes":""},"categories":[55],"tags":[],"class_list":["post-11304","page","type-page","status-publish","hentry","category-sub-unser-profil"],"_links":{"self":[{"href":"https:\/\/sfgrs.de\/wordpress\/index.php\/wp-json\/wp\/v2\/pages\/11304","targetHints":{"allow":["GET"]}}],"collection":[{"href":"https:\/\/sfgrs.de\/wordpress\/index.php\/wp-json\/wp\/v2\/pages"}],"about":[{"href":"https:\/\/sfgrs.de\/wordpress\/index.php\/wp-json\/wp\/v2\/types\/page"}],"author":[{"embeddable":true,"href":"https:\/\/sfgrs.de\/wordpress\/index.php\/wp-json\/wp\/v2\/users\/13"}],"replies":[{"embeddable":true,"href":"https:\/\/sfgrs.de\/wordpress\/index.php\/wp-json\/wp\/v2\/comments?post=11304"}],"version-history":[{"count":4,"href":"https:\/\/sfgrs.de\/wordpress\/index.php\/wp-json\/wp\/v2\/pages\/11304\/revisions"}],"predecessor-version":[{"id":11617,"href":"https:\/\/sfgrs.de\/wordpress\/index.php\/wp-json\/wp\/v2\/pages\/11304\/revisions\/11617"}],"wp:attachment":[{"href":"https:\/\/sfgrs.de\/wordpress\/index.php\/wp-json\/wp\/v2\/media?parent=11304"}],"wp:term":[{"taxonomy":"category","embeddable":true,"href":"https:\/\/sfgrs.de\/wordpress\/index.php\/wp-json\/wp\/v2\/categories?post=11304"},{"taxonomy":"post_tag","embeddable":true,"href":"https:\/\/sfgrs.de\/wordpress\/index.php\/wp-json\/wp\/v2\/tags?post=11304"}],"curies":[{"name":"wp","href":"https:\/\/api.w.org\/{rel}","templated":true}]}}