{"id":2322,"date":"2018-09-20T20:15:14","date_gmt":"2018-09-20T18:15:14","guid":{"rendered":"http:\/\/arthurchmiel.com\/wordpress\/?page_id=2322"},"modified":"2024-12-10T09:04:57","modified_gmt":"2024-12-10T08:04:57","slug":"datenschutzerklaerung-2","status":"publish","type":"page","link":"https:\/\/sfgrs.de\/wordpress\/index.php\/datenschutzerklaerung-2\/","title":{"rendered":"Datenschutz"},"content":{"rendered":"<div class=\"fusion-fullwidth fullwidth-box fusion-builder-row-1 nonhundred-percent-fullwidth non-hundred-percent-height-scrolling\" style=\"--awb-border-radius-top-left:0px;--awb-border-radius-top-right:0px;--awb-border-radius-bottom-right:0px;--awb-border-radius-bottom-left:0px;--awb-flex-wrap:wrap;\" ><div class=\"fusion-builder-row fusion-row\"><div class=\"fusion-layout-column fusion_builder_column fusion-builder-column-0 fusion_builder_column_1_6 1_6 fusion-one-sixth fusion-column-first\" style=\"--awb-bg-size:cover;width:16.666666666667%;width:calc(16.666666666667% - ( ( 4% + 4% ) * 0.16666666666667 ) );margin-right: 4%;\"><div class=\"fusion-column-wrapper fusion-column-has-shadow fusion-flex-column-wrapper-legacy\"><div class=\"fusion-clearfix\"><\/div><\/div><\/div><div class=\"fusion-layout-column fusion_builder_column fusion-builder-column-1 fusion_builder_column_2_3 2_3 fusion-two-third\" style=\"--awb-padding-top:40px;--awb-bg-size:cover;--awb-margin-bottom:0px;width:66.666666666667%;width:calc(66.666666666667% - ( ( 4% + 4% ) * 0.66666666666667 ) );margin-right: 4%;\"><div class=\"fusion-column-wrapper fusion-flex-column-wrapper-legacy\"><div class=\"fusion-text fusion-text-1\"><h1>DATENSCHUTZERKL\u00c4RUNG<\/h1>\n<p><a href=\"http:\/\/www.sfgrs.de\">www.sfgrs.de<\/a> ist ein Angebot des St.-Franziskus-Gymnasiums und -Realschule in Kaiserslautern.<\/p>\n<p>Wir freuen uns \u00fcber Ihren Besuch auf unserer Webseite. Der Schutz Ihrer personenbezogenen Daten bei der Erhebung, Verarbeitung und Nutzung anl\u00e4sslich Ihres Besuchs auf unserer Homepage ist uns ein wichtiges Anliegen.<\/p>\n<p>Bei Fragen, Beschwerden oder Anregungen stehen Ihnen die Schulleitung in Kooperation mit dem schulischen <strong>Datenschutzkoordinator, <\/strong>Herrn Torsten Ziegler (Ziegler.T(at)sfgrs.de) zur Verf\u00fcgung. Der betriebliche <span class=\"ce-sword\"><strong>Datenschutzbeauftragte<\/strong> ist Herr Ren\u00e9 Pfeiffer (datenschutz(at)bistum-speyer.de)<a class=\"mail\" title=\"Senden Sie eine E-Mail\">.<\/a><\/span><\/p>\n<\/div><div class=\"accordian fusion-accordian\" style=\"--awb-border-size:1px;--awb-icon-size:13px;--awb-content-font-size:16px;--awb-icon-alignment:left;--awb-hover-color:#f9f9f9;--awb-border-color:var(--awb-color3);--awb-background-color:#ffffff;--awb-divider-color:var(--awb-color3);--awb-divider-hover-color:var(--awb-color3);--awb-icon-color:#ffffff;--awb-title-color:var(--awb-color5);--awb-content-color:#747474;--awb-icon-box-color:#b8d3b6;--awb-toggle-hover-accent-color:var(--awb-color7);--awb-toggle-active-accent-color:var(--awb-color5);--awb-title-font-family:var(--awb-typography4-font-family);--awb-title-font-weight:var(--awb-typography4-font-weight);--awb-title-font-style:var(--awb-typography4-font-style);--awb-title-font-size:var(--awb-typography4-font-size);--awb-title-letter-spacing:var(--awb-typography4-letter-spacing);--awb-title-line-height:var(--awb-typography4-line-height);--awb-content-font-family:&quot;Raleway&quot;;--awb-content-font-style:normal;--awb-content-font-weight:400;\"><div class=\"panel-group fusion-toggle-icon-boxed\" id=\"accordion-2322-1\"><div class=\"fusion-panel panel-default panel-51a0615d4c80aa68c fusion-toggle-has-divider\" style=\"--awb-title-color:var(--awb-color5);\"><div class=\"panel-heading\"><h4 class=\"panel-title toggle\" id=\"toggle_51a0615d4c80aa68c\"><a class=\"active\" aria-expanded=\"true\" aria-controls=\"51a0615d4c80aa68c\" role=\"button\" data-toggle=\"collapse\" data-parent=\"#accordion-2322-1\" data-target=\"#51a0615d4c80aa68c\" href=\"#51a0615d4c80aa68c\"><span class=\"fusion-toggle-icon-wrapper\" aria-hidden=\"true\"><i class=\"fa-fusion-box active-icon awb-icon-minus\" aria-hidden=\"true\"><\/i><i class=\"fa-fusion-box inactive-icon awb-icon-plus\" aria-hidden=\"true\"><\/i><\/span><span class=\"fusion-toggle-heading\">Erfassung und Nutzung von Daten beim Besuch dieser Webseite<\/span><\/a><\/h4><\/div><div id=\"51a0615d4c80aa68c\" class=\"panel-collapse collapse in\" aria-labelledby=\"toggle_51a0615d4c80aa68c\"><div class=\"panel-body toggle-content fusion-clearfix\">\n<p><b>1. Allgemeines<\/b><br \/>\nIm Rahmen der Personalisierung f\u00fcr unsere Seiten werden Sie nach pers\u00f6nlichen Angaben gefragt. Ihre personenbezogenen Daten (z.B. Name, Adresse, E-Mail-Adresse) werden von uns nur nach den Regeln der Datenschutzgesetze verarbeitet. Die nachfolgenden Vorschriften informieren Sie \u00fcber Art, Umfang und Zweck der Erhebung, Verarbeitung und Nutzung personenbezogener Daten. Diese Datenschutzerkl\u00e4rung bezieht sich nur auf unsere Webseiten. Falls Sie \u00fcber Links auf unseren Seiten auf andere Seiten weitergeleitet werden, informieren Sie sich bitte dort \u00fcber den jeweiligen Umgang mit Ihren Daten.<\/p>\n<p><b>2. Automatische Datenerfassung<\/b><br \/>\nJeder Zugriff auf unsere Homepage und jeder Abruf einer auf der Homepage hinterlegten Datei werden protokolliert. Die Speicherung dient internen systembezogenen und statistischen Zwecken. Protokolliert werden: Name der abgerufenen Datei, Datum und Uhrzeit des Abrufs, \u00fcbertragene Datenmenge, Meldung \u00fcber erfolgreichen Abruf, Webbrowser und anfragende Domain. Zus\u00e4tzlich werden die IP Adressen der anfragenden Rechner protokolliert. Weitergehende personenbezogene Daten werden nur erfasst, wenn Sie diese Angaben freiwillig, etwa im Rahmen einer Anfrage oder Registrierung, machen. Diese anonymen Daten werden getrennt von Ihren eventuell angegebenen personenbezogenen Daten gespeichert und lassen so keine R\u00fcckschl\u00fcsse auf eine bestimmte Person zu. Nach der Auswertung werden diese Daten gel\u00f6scht.<\/p>\n<p><b>3. Bestandsdaten<\/b><br \/>\n1. Ihre personenbezogenen Daten, soweit diese f\u00fcr die Begr\u00fcndung, inhaltliche Ausgestaltung oder \u00c4nderung des Vertragsverh\u00e4ltnisses erforderlich sind (Bestandsdaten), werden ausschlie\u00dflich zur Vertragsabwicklung verwendet. In keinem Fall werden die erhobenen Daten verkauft. Ohne Ihre ausdr\u00fcckliche Einwilligung oder ohne gesetzliche Grundlage werden Ihre personenbezogenen Daten nicht an au\u00dferhalb der Vertragsabwicklung stehende Dritte weitergegeben.<\/p>\n<p>2. Auf Anordnung der zust\u00e4ndigen Stellen d\u00fcrfen wir im Einzelfall Auskunft \u00fcber Bestandsdaten erteilen, soweit dies f\u00fcr Zwecke der Strafverfolgung oder zur Durchsetzung der Rechte am geistigen Eigentum erforderlich ist.<\/p>\n<p><b>4. Nutzungsdaten und Weitergabe personenbezogener Daten<br \/>\n<\/b>Soweit Sie uns personenbezogene Daten zur Verf\u00fcgung gestellt haben, verwenden wir diese ausschlie\u00dflich zum Zweck der technischen Administration unserer Webseiten und zur Erf\u00fcllung Ihrer W\u00fcnsche und Anforderungen, also i.d.R. Beantwortung Ihrer Anfrage.<\/p>\n<p>Eine Weitergabe, ein Verkauf oder sonstige \u00dcbermittlung Ihrer personenbezogenen Daten an dritte erfolgt nicht, es sei denn, dass dies zum Zwecke der Vertragsabwicklung erforderlich ist.<br \/>\nAuf Anordnung der zust\u00e4ndigen Stellen d\u00fcrfen wir im Einzelfall Auskunft \u00fcber Nutzungsdaten erteilen, soweit dies f\u00fcr Zwecke der Strafverfolgung oder zur Durchsetzung der Rechte am geistigen Eigentum erforderlich ist.<\/p>\n<p>Sie haben das Recht, eine solche Einwilligung mit Wirkung f\u00fcr die Zukunft zu Widerrufen (siehe Kontaktaufnahme).<br \/>\nDie L\u00f6schung\u00a0der personenbezogenen Daten erfolgt, wenn Sie Ihre Einwilligung zur Speicherung widerrufen, wenn Ihre Kenntnis zur Erf\u00fcllung des mit der Speicherung verfolgten Zwecks nicht mehr erforderlich ist oder ihre Speicherung aus sonstiger gesetzlichen Gr\u00fcnden unzul\u00e4ssig ist.<\/p>\n<p><b>5. Informationen \u00fcber Cookies<\/b><br \/>\nEs werden sog. Cookies zum Wiedererkennen mehrfacher Nutzung eines Angebots durch denselben Nutzer eingesetzt. Cookies sind kleine Textdateien, die Ihr Internet-Browser auf Ihrem Rechner ablegt und speichert. Sie dienen dazu, unseren Internetauftritt und unsere Angebote zu optimieren. Es werden durch diese Cookies keine personenbezogenen Daten erhoben.<\/p>\n<p><b>6. Update- und Betreiberinformationen<br \/>\n<\/b>Da Sie Ihre Emailadresse angegeben haben besteht die M\u00f6glichkeit, dass Ihnen der Betreiber dieser Website Informationen sendet. Es werden keinerlei pers\u00f6nliche Daten zu Ihrer E-Mailadresse erhoben.<\/p>\n<p><b>7. Auskunft<\/b><br \/>\nSie haben jederzeit das Recht auf Auskunft \u00fcber die bez\u00fcglich Ihrer Person gespeicherten Daten, deren Herkunft und Empf\u00e4nger sowie den Zweck der Speicherung. Bitte treten Sie \u00fcber die im Impressum hinterlegten Kontaktdaten schriftlich mit uns in Kontakt. Um Auskunft zu erhalten m\u00fcssen Sie sich, als die Person (\u00fcber die Auskunft gegeben werden soll), identifizieren bzw. nachweisen, dass Sie berechtigt sind Auskunft \u00fcber eine dritte Person zu empfangen.<\/p>\n<p><b>8. Weitere Informationen <\/b><br \/>\nIhr Vertrauen ist uns wichtig. Daher m\u00f6chten wir Ihnen jederzeit Rede und Antwort bez\u00fcglich der Verarbeitung Ihrer personenbezogenen Daten stehen. Wenn Sie Fragen haben, die Ihnen diese Datenschutzerkl\u00e4rung nicht beantworten konnte oder wenn Sie zu einem Punkt vertiefte Informationen w\u00fcnschen, wenden Sie sich bitte jederzeit an die im Impressum hinterlegten Kontaktdaten.<\/p>\n<\/div><\/div><\/div><\/div><\/div><div class=\"accordian fusion-accordian\" style=\"--awb-border-size:1px;--awb-icon-size:13px;--awb-content-font-size:16px;--awb-icon-alignment:left;--awb-hover-color:#f9f9f9;--awb-border-color:var(--awb-color3);--awb-background-color:#ffffff;--awb-divider-color:var(--awb-color3);--awb-divider-hover-color:var(--awb-color3);--awb-icon-color:#ffffff;--awb-title-color:#5dad24;--awb-content-color:#747474;--awb-icon-box-color:#b8d3b6;--awb-toggle-hover-accent-color:var(--awb-color7);--awb-toggle-active-accent-color:var(--awb-color5);--awb-title-font-family:var(--awb-typography4-font-family);--awb-title-font-weight:var(--awb-typography4-font-weight);--awb-title-font-style:var(--awb-typography4-font-style);--awb-title-font-size:var(--awb-typography4-font-size);--awb-title-letter-spacing:1px;--awb-title-line-height:1.5;--awb-content-font-family:&quot;Raleway&quot;;--awb-content-font-style:normal;--awb-content-font-weight:400;\"><div class=\"panel-group fusion-toggle-icon-boxed\" id=\"accordion-2322-2\"><div class=\"fusion-panel panel-default panel-afc86755329059ecf fusion-toggle-has-divider\" style=\"--awb-title-color:var(--awb-color5);\"><div class=\"panel-heading\"><h4 class=\"panel-title toggle\" id=\"toggle_afc86755329059ecf\"><a aria-expanded=\"false\" aria-controls=\"afc86755329059ecf\" role=\"button\" data-toggle=\"collapse\" data-parent=\"#accordion-2322-2\" data-target=\"#afc86755329059ecf\" href=\"#afc86755329059ecf\"><span class=\"fusion-toggle-icon-wrapper\" aria-hidden=\"true\"><i class=\"fa-fusion-box active-icon awb-icon-minus\" aria-hidden=\"true\"><\/i><i class=\"fa-fusion-box inactive-icon awb-icon-plus\" aria-hidden=\"true\"><\/i><\/span><span class=\"fusion-toggle-heading\">Datenschutzerkl\u00e4rungen unserer unterrichtsbezogenen Softwarepakete<\/span><\/a><\/h4><\/div><div id=\"afc86755329059ecf\" class=\"panel-collapse collapse \" aria-labelledby=\"toggle_afc86755329059ecf\"><div class=\"panel-body toggle-content fusion-clearfix\">\n<p>Moodle, Schulcampus und BBB: <a href=\"https:\/\/lernenonline.bildung-rp.de\/service\/datenschutzerklaerung-und-nutzungsbedingungen.html\"><strong>LINK<\/strong><\/a><\/p>\n<p>Sdui-App: <a href=\"https:\/\/sdui.de\/datenschutz-app\/\"><strong>LINK<\/strong><\/a><\/p>\n<p>Sdui-Website: <a href=\"https:\/\/sdui.de\/datenschutz-webseite\/\"><strong>LINK<\/strong><\/a><\/p>\n<p>WebUntis: <a href=\"https:\/\/www.untis.at\/warum-untis\/ueber-das-produkt\/datenschutz-und-sicherheit\"><strong>LINK<\/strong><\/a><\/p>\n<p>MS-Produkte bei unserem Vertragspartner co.tec: <a href=\"https:\/\/www.cotec.de\/datenschutz-microsoft#fwu-Seite\"><strong>LINK<\/strong><\/a><\/p>\n<\/div><\/div><\/div><\/div><\/div><div class=\"accordian fusion-accordian\" style=\"--awb-border-size:1px;--awb-icon-size:13px;--awb-content-font-size:16px;--awb-icon-alignment:left;--awb-hover-color:#f9f9f9;--awb-border-color:var(--awb-color3);--awb-background-color:#ffffff;--awb-divider-color:var(--awb-color3);--awb-divider-hover-color:var(--awb-color3);--awb-icon-color:#ffffff;--awb-title-color:#5dad24;--awb-content-color:#747474;--awb-icon-box-color:#b8d3b6;--awb-toggle-hover-accent-color:var(--awb-color7);--awb-toggle-active-accent-color:var(--awb-color5);--awb-title-font-family:var(--awb-typography4-font-family);--awb-title-font-weight:var(--awb-typography4-font-weight);--awb-title-font-style:var(--awb-typography4-font-style);--awb-title-font-size:var(--awb-typography4-font-size);--awb-title-letter-spacing:1px;--awb-title-line-height:1.5;--awb-content-font-family:&quot;Raleway&quot;;--awb-content-font-style:normal;--awb-content-font-weight:400;\"><div class=\"panel-group fusion-toggle-icon-boxed\" id=\"accordion-2322-3\"><div class=\"fusion-panel panel-default panel-492b9009f63b30a1f fusion-toggle-has-divider\" style=\"--awb-title-color:var(--awb-color5);\"><div class=\"panel-heading\"><h4 class=\"panel-title toggle\" id=\"toggle_492b9009f63b30a1f\"><a aria-expanded=\"false\" aria-controls=\"492b9009f63b30a1f\" role=\"button\" data-toggle=\"collapse\" data-parent=\"#accordion-2322-3\" data-target=\"#492b9009f63b30a1f\" href=\"#492b9009f63b30a1f\"><span class=\"fusion-toggle-icon-wrapper\" aria-hidden=\"true\"><i class=\"fa-fusion-box active-icon awb-icon-minus\" aria-hidden=\"true\"><\/i><i class=\"fa-fusion-box inactive-icon awb-icon-plus\" aria-hidden=\"true\"><\/i><\/span><span class=\"fusion-toggle-heading\">Soziale Netzwerke \/ Soziale Medien<\/span><\/a><\/h4><\/div><div id=\"492b9009f63b30a1f\" class=\"panel-collapse collapse \" aria-labelledby=\"toggle_492b9009f63b30a1f\"><div class=\"panel-body toggle-content fusion-clearfix\">\n<p>Auf unserer Webseite sind zudem verlinkte Script Codes (im Folgenden: \u201ePlug-Ins\u201c) auf externe soziale Netzwerke enthalten. Diese sozialen Netzwerke werden ausschlie\u00dflich von den jeweiligen externen Betreibern (wie z.B. Facebook Inc.) betrieben. Diese Plug-Ins sind im Rahmen unseres Internetauftritts durch die jeweiligen Logos der diversen sozialen Netzwerke und\/oder deren namentliche Benennung sowie ggf. diverse Schlagw\u00f6rter wie etwa \u201eGef\u00e4llt mir\u201d oder \u201eLike\u201c oder \u201eShare\u201c oder \u201eTeilen\u201c kenntlich gemacht.<\/p>\n<p>Standardm\u00e4\u00dfig sind diese Plug-Ins bei uns deaktiviert, so dass diese Plug-Ins keinen Kontakt mit den Servern der jeweiligen sozialen Netzwerke herstellen. Erst wenn Sie diese Plug-Ins aktivieren und damit Ihre Zustimmung zur Kommunikation mit dem jeweiligen sozialen Netzwerk erkl\u00e4ren, werden die Plug-Ins aktiv und stellen die Verbindung her. Die Aktivierung erfolgt mit einem Klick auf die jeweilige Schaltfl\u00e4che. Erst mit dem zweiten Klick wird die Verbindung zu dem jeweiligen sozialen Netzwerk hergestellt.<\/p>\n<p>Sofern Sie w\u00e4hrend dieser Aktivierung der Plug-Ins \u00fcber Ihr pers\u00f6nliches Benutzerkonto bei dem jeweiligen sozialen Netzwerk eingeloggt sind, wird die Information, dass Sie unsere Webseite besucht haben, weitergeleitet. Den Besuch unserer Webseite sowie Ihre Empfehlung kann das jeweilige Netzwerk ihrem dortigen Benutzerkonto zuordnen.<\/p>\n<p>Zweck und Umfang der Datenerhebung durch das jeweilige soziale Netzwerk sowie die dortige weitere Verarbeitung und Nutzung Ihrer Daten wie auch Ihre diesbez\u00fcglichen Rechte und Einstellungsm\u00f6glichkeiten zum Schutz Ihrer Privatsph\u00e4re entnehmen Sie bitte den Datenschutzhinweisen des jeweiligen Netzwerks.<\/p>\n<p>Die Aktivierung eines einzelnen Plug-Ins funktioniert jedoch nur f\u00fcr die aktuelle Seite und f\u00fcr den ausgew\u00e4hlten Dienst. Beim Aufruf weiterer Seiten ist das Plug-In wieder deaktiviert. So k\u00f6nnen Sie die sozialen Netzwerke in Verbindung mit unserer Webseite nutzen, ohne dass die jeweiligen sozialen Netzwerke gleichzeitig Surf-Profile erstellen k\u00f6nnen.<\/p>\n<p>Bei Aktivierung eines Plug-Ins sowie der Durchf\u00fchrung einer Empfehlung werden diese Informationen an das jeweilige soziale Netzwerk \u00fcbermittelt und dort gespeichert. Um dies zu verhindern, d\u00fcrfen Sie die Aktivierung der Plug-Ins nicht durchf\u00fchren. \u00dcberdies sollten Sie sich stets nach Nutzung des sozialen Netzwerks aus Ihrem dortigen pers\u00f6nlichen Benutzerkonto ausloggen.<\/p>\n<p>Weitere Informationen zu Facebook und anderen Sozialen Netzen und wie Sie Ihre Daten sch\u00fctzen k\u00f6nnen, finden Sie auch auf <a href=\"https:\/\/www.youngdata.de\">www.youngdata.de<\/a>.<\/p>\n<p><strong>Facebook <\/strong><\/p>\n<p>Der f\u00fcr die Verarbeitung Verantwortliche greift f\u00fcr den angebotenen Informationsdienst auf die technische Plattform und die Dienste der Facebook Ireland Ltd., 4 Grand Canal Square Grand Canal Harbour, Dublin 2, Ireland zur\u00fcck.<\/p>\n<p>Wir weisen Sie darauf hin, dass Sie diese Facebook-Seite und ihre Funktionen in eigener Verantwortung nutzen. Dies gilt insbesondere f\u00fcr die Nutzung der interaktiven Funktionen (z.B. Kommentieren, Teilen, Bewerten).<\/p>\n<p>Beim Besuch unserer Facebook-Seite erfasst Facebook u. a. Ihre IP-Adresse sowie weitere Informationen, die in Form von Cookies auf Ihrem PC vorhanden sind. Diese Informationen werden verwendet, um uns als Betreiber der Facebook-Seiten statistische Informationen \u00fcber die Inanspruchnahme der Facebook-Seite zur Verf\u00fcgung zu stellen. N\u00e4here Informationen hierzu stellt Facebook unter folgendem Link zur Verf\u00fcgung:<\/p>\n<p><a href=\"http:\/\/de-de.facebook.com\/help\/pages\/insights\">http:\/\/de-de.facebook.com\/help\/pages\/insights<\/a><\/p>\n<p>Die in diesem Zusammenhang \u00fcber Sie erhobenen Daten werden von der Facebook Ltd. verarbeitet und dabei gegebenenfalls in L\u00e4nder au\u00dferhalb der Europ\u00e4ischen Union \u00fcbertragen. Welche Informationen Facebook erh\u00e4lt und wie diese verwendet werden, beschreibt Facebook in allgemeiner Form in seinen Datenverwendungsrichtlinien. Dort finden Sie auch Informationen \u00fcber Kontaktm\u00f6glichkeiten zu Facebook sowie zu den Einstellm\u00f6glichkeiten f\u00fcr Werbeanzeigen. Die Datenverwendungsrichtlinien sind unter folgendem Link verf\u00fcgbar:<\/p>\n<p><a href=\"http:\/\/de-de.facebook.com\/about\/privacy\">http:\/\/de-de.facebook.com\/about\/privacy<\/a><\/p>\n<p>Die vollst\u00e4ndigen Datenrichtlinien von Facebook finden Sie hier:<\/p>\n<p><a href=\"https:\/\/de-de.facebook.com\/full_data_use_policy\">https:\/\/de-de.facebook.com\/full_data_use_policy<\/a><\/p>\n<p>In welcher Weise Facebook die Daten aus dem Besuch von Facebook-Seiten f\u00fcr eigene Zwecke verwendet, in welchem Umfang Aktivit\u00e4ten auf der Facebook-Seite einzelnen Nutzern zugeordnet werden, wie lange Facebook diese Daten speichert und ob Daten aus einem Besuch der Facebook-Seite an Dritte weitergegeben werden, wird von Facebook nicht abschlie\u00dfend und klar benannt und ist uns nicht bekannt.<\/p>\n<p>Beim Zugriff auf eine Facebook-Seite wird die Ihrem Endger\u00e4te zugeteilte IP-Adresse an Facebook \u00fcbermittelt. Nach Auskunft von Facebook wird diese IP-Adresse anonymisiert (bei &#8222;deutschen&#8220; IP-Adressen). Facebook speichert dar\u00fcber hinaus Informationen \u00fcber die Endger\u00e4te seiner Nutzer (z.B. im Rahmen der Funktion \u201eAnmeldebenachrichtigung\u201c); gegebenenfalls ist Facebook damit eine Zuordnung von IP-Adressen zu einzelnen Nutzern m\u00f6glich.<\/p>\n<p>Wenn Sie als Nutzerin oder Nutzer aktuell bei Facebook angemeldet sind, befindet sich auf Ihrem Endger\u00e4t ein Cookie mit Ihrer Facebook-Kennung. Dadurch ist Facebook in der Lage nachzuvollziehen, dass Sie diese Seite aufgesucht und wie Sie sie genutzt haben. Dies gilt auch f\u00fcr alle anderen Facebook-Seiten. \u00dcber in Webseiten eingebundene Facebook-Buttons ist es Facebook m\u00f6glich, Ihre Besuche auf diesen Webseiten Seiten zu erfassen und Ihrem Facebook-Profil zuzuordnen. Anhand dieser Daten k\u00f6nnen Inhalte oder Werbung auf Sie zugeschnitten angeboten werden.<\/p>\n<p>Wenn Sie dies vermeiden m\u00f6chten, sollten Sie sich bei Facebook abmelden bzw. die Funktion &#8222;angemeldet bleiben&#8220; deaktivieren, die auf Ihrem Ger\u00e4t vorhandenen Cookies l\u00f6schen und Ihren Browser beenden und neu starten. Auf diese Weise werden Facebook-Informationen, \u00fcber die Sie unmittelbar identifiziert werden k\u00f6nnen, gel\u00f6scht. Damit k\u00f6nnen Sie unsere Facebook-Seite nutzen, ohne dass Ihre Facebook-Kennung offenbart wird. Wenn Sie auf interaktive Funktionen der Seite zugreifen (Gef\u00e4llt mir, Kommentieren, Teilen, Nachrichten etc.), erscheint eine Facebook-Anmeldemaske. Nach einer etwaigen Anmeldung sind Sie f\u00fcr Facebook erneut als bestimmte\/r Nutzerin\/Nutzer erkennbar.<\/p>\n<p>Informationen dazu, wie Sie \u00fcber Sie vorhandene Informationen verwalten oder l\u00f6schen k\u00f6nnen, finden Sie auf folgenden Facebook Support-Seiten:<\/p>\n<p><a href=\"https:\/\/de-de.facebook.com\/about\/privacy\">https:\/\/de-de.facebook.com\/about\/privacy#<\/a><\/p>\n<p>Wir als Anbieter des Informationsdienstes erheben und verarbeiten dar\u00fcber hinaus keine Daten aus Ihrer Nutzung unseres Dienstes.<\/p>\n<p><strong>Instagram <\/strong><\/p>\n<p>Auf dieser Website sind Funktionen des Dienstes Instagram eingebunden. Diese Funktionen werden angeboten durch die Instagram Inc., 1601 Willow Road, Menlo Park, CA 94025, USA integriert.<\/p>\n<p>Wenn Sie in Ihrem Instagram-Account eingeloggt sind, k\u00f6nnen Sie durch Anklicken des Instagram-Buttons die Inhalte dieser Website mit Ihrem Instagram-Profil verlinken. Dadurch kann Instagram den Besuch dieser Website Ihrem Benutzerkonto zuordnen. Wir weisen darauf hin, dass wir als Anbieter der Seiten keine Kenntnis vom Inhalt der \u00fcbermittelten Daten sowie deren Nutzung durch Instagram erhalten. Die Speicherung und Analyse der Daten erfolgt auf Grundlage von \u00a7 6 Abs. 1 lit. g KDG. Der Webseitenbetreiber hat ein berechtigtes Interesse an einer m\u00f6glichst umfangreichen Sichtbarkeit in den Sozialen Medien.<\/p>\n<p>Sind Sie bei Instagram eingeloggt, kann Instagram den Besuch unserer Website Ihrem Instagram Account unmittelbar zuordnen. Wenn Sie mit den Plugins interagieren, zum Beispiel das \u201eInstagram\u201c-Button bet\u00e4tigen, wird diese Information ebenfalls direkt an einen Server von Instagram \u00fcbermittelt und dort gespeichert. Die Informationen werden au\u00dferdem auf Ihrem Instagram-Account ver\u00f6ffentlicht und dort Ihren Kontakten angezeigt.<\/p>\n<p>Wenn Sie nicht m\u00f6chten, dass Instagram die \u00fcber unseren Webauftritt gesammelten Daten unmittelbar Ihrem Instagram-Account zuordnet, m\u00fcssen Sie sich vor Ihrem Besuch unserer Website bei Instagram ausloggen. Sie k\u00f6nnen das Laden der Instagram Plugins auch mit Add-Ons f\u00fcr Ihren Browser komplett verhindern, z. B. mit dem Skript-Blocker \u201eNoScript\u201c (https:\/\/noscript.net\/).<\/p>\n<p>Weitere Informationen hierzu finden Sie in der Datenschutzerkl\u00e4rung von Instagram:<\/p>\n<p><a href=\"https:\/\/instagram.com\/about\/legal\/privacy\/\">https:\/\/instagram.com\/about\/legal\/privacy\/<\/a><\/p>\n<\/div><\/div><\/div><\/div><\/div><div class=\"fusion-clearfix\"><\/div><\/div><\/div><div class=\"fusion-layout-column fusion_builder_column fusion-builder-column-2 fusion_builder_column_1_6 1_6 fusion-one-sixth fusion-column-last\" style=\"--awb-bg-size:cover;width:16.666666666667%;width:calc(16.666666666667% - ( ( 4% + 4% ) * 0.16666666666667 ) );\"><div class=\"fusion-column-wrapper fusion-column-has-shadow fusion-flex-column-wrapper-legacy\"><div class=\"fusion-clearfix\"><\/div><\/div><\/div><\/div><\/div>\n","protected":false},"excerpt":{"rendered":"","protected":false},"author":1,"featured_media":0,"parent":0,"menu_order":0,"comment_status":"closed","ping_status":"closed","template":"","meta":{"footnotes":""},"categories":[],"tags":[],"class_list":["post-2322","page","type-page","status-publish","hentry"],"_links":{"self":[{"href":"https:\/\/sfgrs.de\/wordpress\/index.php\/wp-json\/wp\/v2\/pages\/2322","targetHints":{"allow":["GET"]}}],"collection":[{"href":"https:\/\/sfgrs.de\/wordpress\/index.php\/wp-json\/wp\/v2\/pages"}],"about":[{"href":"https:\/\/sfgrs.de\/wordpress\/index.php\/wp-json\/wp\/v2\/types\/page"}],"author":[{"embeddable":true,"href":"https:\/\/sfgrs.de\/wordpress\/index.php\/wp-json\/wp\/v2\/users\/1"}],"replies":[{"embeddable":true,"href":"https:\/\/sfgrs.de\/wordpress\/index.php\/wp-json\/wp\/v2\/comments?post=2322"}],"version-history":[{"count":5,"href":"https:\/\/sfgrs.de\/wordpress\/index.php\/wp-json\/wp\/v2\/pages\/2322\/revisions"}],"predecessor-version":[{"id":12257,"href":"https:\/\/sfgrs.de\/wordpress\/index.php\/wp-json\/wp\/v2\/pages\/2322\/revisions\/12257"}],"wp:attachment":[{"href":"https:\/\/sfgrs.de\/wordpress\/index.php\/wp-json\/wp\/v2\/media?parent=2322"}],"wp:term":[{"taxonomy":"category","embeddable":true,"href":"https:\/\/sfgrs.de\/wordpress\/index.php\/wp-json\/wp\/v2\/categories?post=2322"},{"taxonomy":"post_tag","embeddable":true,"href":"https:\/\/sfgrs.de\/wordpress\/index.php\/wp-json\/wp\/v2\/tags?post=2322"}],"curies":[{"name":"wp","href":"https:\/\/api.w.org\/{rel}","templated":true}]}}