{"id":6810,"date":"2021-10-22T11:02:36","date_gmt":"2021-10-22T09:02:36","guid":{"rendered":"https:\/\/www.sfgrs.de\/wordpress\/?page_id=6810"},"modified":"2024-10-30T11:37:46","modified_gmt":"2024-10-30T10:37:46","slug":"ag-delf","status":"publish","type":"page","link":"https:\/\/sfgrs.de\/wordpress\/index.php\/ag-delf\/","title":{"rendered":"AG &#8211; DELF"},"content":{"rendered":"<h2 class=\"csc-firstHeader\">DELF (Dipl\u00f4me d&#8217;Etudes en Langue Fran\u00e7aise)<\/h2>\n<p><b>Ein Angebot an alle Franz\u00f6sischliebhaber<\/b><\/p>\n<p>Angesichts der auf dem Arbeitsmarkt zunehmenden Bedeutung guter Fremdsprachenkenntnisse in mindestens zwei Fremdsprachen bietet unsere Schule den Sch\u00fclerinnen ab der 9. Klasse mit 1. Fremdsprache Franz\u00f6sisch und ab der 10. Klasse mit Franz\u00f6sisch 1. und 2. Fremdsprache sowie ab der 9. Klasse der Realschule mit Franz\u00f6sisch als 2. Fremdsprache die M\u00f6glichkeit zum Erwerb eines offiziell anerkannten Sprachendiploms, des\u00a0<b>DELF.\u00a0<\/b><\/p>\n<p>Mit diesem Angebot m\u00f6chten wir an der franz\u00f6sischen Sprache interessierte Sch\u00fclerinnen \u00fcber den normalen Unterricht hinausgehend f\u00f6rdern und ihnen die M\u00f6glichkeit einer au\u00dferschulischen Qualifikation bieten.<\/p>\n<p>Auszug aus dem\u00a0<a class=\"external-link-new-window\" title=\"\u00d6ffnet externen Link in neuem Fenster\" href=\"https:\/\/www.sfgrs.de\/wordpress\/wp-content\/uploads\/2021\/10\/DELF.pdf\" target=\"_blank\" rel=\"noopener noreferrer\">Dreijahresbericht<\/a> 2008-2011 der St.-Franziskus-Schulen.<\/p>\n<div id=\"c501\" class=\"csc-default\">\n<div class=\"csc-textpic-text\">\n<p>Die vier DELF-AGs unserer Schule bieten den Sch\u00fclerinnen zun\u00e4chst allgemein die M\u00f6glichkeit einer Stunde zus\u00e4tzlichen Franz\u00f6sischunterrichts in anderer Form. In dieser Stunde trainieren die Sch\u00fclerinnen anhand speziell ausgesuchter \u00dcbungen das m\u00fcndliche und schriftliche Textverst\u00e4ndnis wie auch ihren sprachlichen Ausdruck.<\/p>\n<p>Das DELF (Dipl\u00f4me d&#8217;Etudes en Langue Fran\u00e7aise) ist ein anerkanntes Zertifikat des franz\u00f6sischen Erziehungsministeriums f\u00fcr die franz\u00f6sische Sprache, das aus vier verschiedenen Niveaus besteht: A1, A2, B1 und B2.<\/p>\n<p>Die jeweiligen Pr\u00fcfungen k\u00f6nnen unabh\u00e4ngig voneinander abgelegt werden. Die Pr\u00fcfungsgeb\u00fchren f\u00fcr die einzelnen Niveaus sind gestaffelt und betragen gegenw\u00e4rtig<\/p>\n<ul>\n<li>22,00 \u20ac f\u00fcr A1<\/li>\n<li>42,00 \u20ac\u00a0f\u00fcr A2<\/li>\n<li>45,00 \u20ac f\u00fcr B1<\/li>\n<li>60,00 \u20ac f\u00fcr B2.<\/li>\n<\/ul>\n<p>Diese Geb\u00fchren sind erm\u00e4\u00dfigte Sch\u00fclergeb\u00fchren. Die finanziellen Erm\u00e4\u00dfigungen werden m\u00f6glich durch einen Vertrag zwischen unserer Landesregierung und der franz\u00f6sischen Regierung und dadurch, dass unsere Schule sich bereit erkl\u00e4rte, den schriftlichen Teil der Pr\u00fcfungen selbst zu organisieren und abzuhalten.<\/p>\n<p>Je nach Nachfrage bereiten wir unsere Sch\u00fclerinnen in bis zu vier DELF-AGs auf die Pr\u00fcfungen in den verschiedenen Niveaustufen vor.<\/p>\n<p>Die Teilnahme an den AGs verpflichtet jedoch nicht zwangsl\u00e4ufig zum Ablegen der Pr\u00fcfung. Die Sch\u00fclerinnen k\u00f6nnen zum Zeitpunkt der Anmeldungen\u00a0im Fr\u00fchjahr\u00a0entscheiden, ob sie die Pr\u00fcfung machen wollen oder nicht.<\/p>\n<p>Die DELF &#8211; Diplome k\u00f6nnen f\u00fcr Ihre Tochter nach der Schul- oder Studienzeit bei der Stellensuche sehr hilfreich sein, denn sie besitzt damit zus\u00e4tzlich zu ihrem Zeugnis ein Diplom, ausgestellt von der franz\u00f6sischen Botschaft, das ihre guten Kenntnisse der franz\u00f6sischen Sprache best\u00e4tigt. Dies kann ein wichtiges Plus gegen\u00fcber Mitbewerbern um eine Stelle sein. Die \u00d6ffnung des Arbeitsmarktes hin zu einem europ\u00e4ischen Markt und die Situation der weltweiten Globalisierung lassen es sehr wahrscheinlich werden, dass es f\u00fcr die heutige junge Generation sehr wichtig sein wird, sich mit ausl\u00e4ndischen Gespr\u00e4chspartnern verst\u00e4ndigen zu k\u00f6nnen. In unserer grenznahen Region ist die franz\u00f6sische Sprache von gro\u00dfer Bedeutung, da viele Firmen Gesch\u00e4ftspartner im jeweiligen Nachbarland haben.<\/p>\n<p>Au\u00dferdem ist die DELF-Pr\u00fcfung f\u00fcr die meisten Sch\u00fclerinnen die erste au\u00dferschulische Pr\u00fcfung sowie die erste m\u00fcndliche Pr\u00fcfung, eine Erfahrung, die auch im Hinblick auf das Abitur hilfreich sein kann.<\/p>\n<\/div>\n<\/div>\n<div id=\"c1238\" class=\"csc-default\">\n<div class=\"csc-header csc-header-n3\">\n<h1>Die aktuellen Termine der DELF-Pr\u00fcfungen:<\/h1>\n<\/div>\n<p><b>Regul\u00e4re Pr\u00fcfung:<\/b><\/p>\n<ul>\n<li><strong>Schriftliche Pr\u00fcfung:<\/strong><br \/>\nSamstag,\u00a0<strong>12.06.2021<\/strong>\u00a0in unserer Schule<\/p>\n<ul>\n<li><strong>A1:<\/strong>\u00a009:00 \u2013 10:25 Uhr<\/li>\n<li><strong>A2:<\/strong>\u00a010:50 \u2013 12:35 Uhr<\/li>\n<li><strong>B1:<\/strong>\u00a013:00 \u2013 14:50 Uhr<\/li>\n<li><strong>B2:<\/strong>\u00a009:00 \u2013 11:35 Uhr<\/li>\n<\/ul>\n<\/li>\n<li><strong>M\u00fcndliche Pr\u00fcfung:<\/strong><br \/>\nder genaue Zeitplan und Ort werden in der AG bekannt gegeben.<\/li>\n<\/ul>\n<p><b>Bitte den Ausweis nicht vergessen!<\/b><\/p>\n<\/div>\n","protected":false},"excerpt":{"rendered":"<p>DELF (Dipl\u00f4me d&#8217;Etudes en Langue Fran\u00e7aise) Ein Angebot an alle Franz\u00f6sischliebhaber Angesichts der auf dem Arbeitsmarkt zunehmenden Bedeutung guter Fremdsprachenkenntnisse in mindestens zwei Fremdsprachen bietet unsere Schule den Sch\u00fclerinnen ab der 9. Klasse mit 1. Fremdsprache Franz\u00f6sisch und ab der 10. Klasse mit Franz\u00f6sisch 1. und 2.  [&#8230;]<\/p>\n","protected":false},"author":1,"featured_media":0,"parent":0,"menu_order":0,"comment_status":"closed","ping_status":"closed","template":"","meta":{"footnotes":""},"categories":[58],"tags":[],"class_list":["post-6810","page","type-page","status-publish","hentry","category-sub-ag"],"_links":{"self":[{"href":"https:\/\/sfgrs.de\/wordpress\/index.php\/wp-json\/wp\/v2\/pages\/6810","targetHints":{"allow":["GET"]}}],"collection":[{"href":"https:\/\/sfgrs.de\/wordpress\/index.php\/wp-json\/wp\/v2\/pages"}],"about":[{"href":"https:\/\/sfgrs.de\/wordpress\/index.php\/wp-json\/wp\/v2\/types\/page"}],"author":[{"embeddable":true,"href":"https:\/\/sfgrs.de\/wordpress\/index.php\/wp-json\/wp\/v2\/users\/1"}],"replies":[{"embeddable":true,"href":"https:\/\/sfgrs.de\/wordpress\/index.php\/wp-json\/wp\/v2\/comments?post=6810"}],"version-history":[{"count":1,"href":"https:\/\/sfgrs.de\/wordpress\/index.php\/wp-json\/wp\/v2\/pages\/6810\/revisions"}],"predecessor-version":[{"id":8875,"href":"https:\/\/sfgrs.de\/wordpress\/index.php\/wp-json\/wp\/v2\/pages\/6810\/revisions\/8875"}],"wp:attachment":[{"href":"https:\/\/sfgrs.de\/wordpress\/index.php\/wp-json\/wp\/v2\/media?parent=6810"}],"wp:term":[{"taxonomy":"category","embeddable":true,"href":"https:\/\/sfgrs.de\/wordpress\/index.php\/wp-json\/wp\/v2\/categories?post=6810"},{"taxonomy":"post_tag","embeddable":true,"href":"https:\/\/sfgrs.de\/wordpress\/index.php\/wp-json\/wp\/v2\/tags?post=6810"}],"curies":[{"name":"wp","href":"https:\/\/api.w.org\/{rel}","templated":true}]}}