{"id":6977,"date":"2021-11-19T21:13:20","date_gmt":"2021-11-19T20:13:20","guid":{"rendered":"https:\/\/www.sfgrs.de\/wordpress\/?page_id=6977"},"modified":"2025-11-02T11:38:03","modified_gmt":"2025-11-02T10:38:03","slug":"fachbereich-franzoesisch","status":"publish","type":"page","link":"https:\/\/sfgrs.de\/wordpress\/index.php\/fachbereiche\/fachbereich-franzoesisch\/","title":{"rendered":"Fach &#8211; Franz\u00f6sisch"},"content":{"rendered":"<div class=\"fusion-fullwidth fullwidth-box fusion-builder-row-1 fusion-flex-container nonhundred-percent-fullwidth non-hundred-percent-height-scrolling\" style=\"--awb-background-position:left top;--awb-border-radius-top-left:0px;--awb-border-radius-top-right:0px;--awb-border-radius-bottom-right:0px;--awb-border-radius-bottom-left:0px;--awb-flex-wrap:wrap;\" ><div class=\"fusion-builder-row fusion-row fusion-flex-align-items-flex-start fusion-flex-content-wrap\" style=\"max-width:1456px;margin-left: calc(-4% \/ 2 );margin-right: calc(-4% \/ 2 );\"><div class=\"fusion-layout-column fusion_builder_column fusion-builder-column-0 fusion_builder_column_1_6 1_6 fusion-flex-column\" style=\"--awb-bg-size:cover;--awb-width-large:16.666666666667%;--awb-margin-top-large:0px;--awb-spacing-right-large:11.52%;--awb-margin-bottom-large:20px;--awb-spacing-left-large:11.52%;--awb-width-medium:100%;--awb-spacing-right-medium:1.92%;--awb-spacing-left-medium:1.92%;--awb-width-small:100%;--awb-spacing-right-small:1.92%;--awb-spacing-left-small:1.92%;\"><div class=\"fusion-column-wrapper fusion-column-has-shadow fusion-flex-justify-content-flex-start fusion-content-layout-column\"><\/div><\/div><div class=\"fusion-layout-column fusion_builder_column fusion-builder-column-1 fusion_builder_column_2_3 2_3 fusion-flex-column\" style=\"--awb-bg-size:cover;--awb-width-large:66.666666666667%;--awb-margin-top-large:0px;--awb-spacing-right-large:2.88%;--awb-margin-bottom-large:20px;--awb-spacing-left-large:2.88%;--awb-width-medium:100%;--awb-spacing-right-medium:1.92%;--awb-spacing-left-medium:1.92%;--awb-width-small:100%;--awb-spacing-right-small:1.92%;--awb-spacing-left-small:1.92%;\"><div class=\"fusion-column-wrapper fusion-column-has-shadow fusion-flex-justify-content-center fusion-content-layout-column\"><div class=\"fusion-image-element \" style=\"--awb-aspect-ratio:21 \/ 9;--awb-object-position:49% 29%;--awb-margin-bottom:20px;--awb-caption-title-font-family:var(--h2_typography-font-family);--awb-caption-title-font-weight:var(--h2_typography-font-weight);--awb-caption-title-font-style:var(--h2_typography-font-style);--awb-caption-title-size:var(--h2_typography-font-size);--awb-caption-title-transform:var(--h2_typography-text-transform);--awb-caption-title-line-height:var(--h2_typography-line-height);--awb-caption-title-letter-spacing:var(--h2_typography-letter-spacing);\"><span class=\" fusion-imageframe imageframe-none imageframe-1 hover-type-none has-aspect-ratio\"><img decoding=\"async\" width=\"300\" height=\"200\" title=\"Franzo\u0308sisch 1\" src=\"https:\/\/sfgrs.de\/wordpress\/wp-content\/uploads\/2024\/11\/Franzoesisch-1-300x200.jpg\" class=\"img-responsive wp-image-11954 img-with-aspect-ratio\" alt srcset=\"https:\/\/sfgrs.de\/wordpress\/wp-content\/uploads\/2024\/11\/Franzoesisch-1-200x133.jpg 200w, https:\/\/sfgrs.de\/wordpress\/wp-content\/uploads\/2024\/11\/Franzoesisch-1-400x267.jpg 400w, https:\/\/sfgrs.de\/wordpress\/wp-content\/uploads\/2024\/11\/Franzoesisch-1-600x400.jpg 600w, https:\/\/sfgrs.de\/wordpress\/wp-content\/uploads\/2024\/11\/Franzoesisch-1-800x533.jpg 800w, https:\/\/sfgrs.de\/wordpress\/wp-content\/uploads\/2024\/11\/Franzoesisch-1-1200x800.jpg 1200w, https:\/\/sfgrs.de\/wordpress\/wp-content\/uploads\/2024\/11\/Franzoesisch-1.jpg 1844w\" sizes=\"(max-width: 1140px) 100vw, (max-width: 640px) 100vw, 1200px\" \/><\/span><\/div><div class=\"fusion-text fusion-text-1\"><p><strong>BONJOUR!<\/strong><\/p>\n<p>\u2661-lich Willkommen auf unserer <strong>Franz\u00f6sisch-Seite<\/strong>!<\/p>\n<p>Hier erwarten dich spannende Informationen rund um das Fach Franz\u00f6sisch und verschiedene Projekte unsere deutsch-franz\u00f6sische Freundschaft!<\/p>\n<\/div><div class=\"fusion-separator fusion-full-width-sep\" style=\"align-self: center;margin-left: auto;margin-right: auto;margin-top:25px;width:100%;\"><div class=\"fusion-separator-border sep-single\" style=\"--awb-height:20px;--awb-amount:20px;border-color:#e0dede;border-top-width:1px;\"><\/div><\/div><div class=\"fusion-separator fusion-full-width-sep\" style=\"align-self: center;margin-left: auto;margin-right: auto;margin-top:25px;width:100%;\"><div class=\"fusion-separator-border sep-single\" style=\"--awb-height:20px;--awb-amount:20px;--awb-sep-color:rgba(224,222,222,0);border-color:rgba(224,222,222,0);border-top-width:1px;\"><\/div><\/div><div class=\"fusion-text fusion-text-2\"><h5 style=\"text-align: left;\"><strong>Unsere Projekte<\/strong><\/h5>\n<\/div><div class=\"accordian fusion-accordian\" style=\"--awb-border-size:1px;--awb-icon-size:13px;--awb-content-font-size:16px;--awb-icon-alignment:left;--awb-hover-color:#f9f9f9;--awb-border-color:var(--awb-color3);--awb-background-color:#ffffff;--awb-divider-color:var(--awb-color3);--awb-divider-hover-color:var(--awb-color3);--awb-icon-color:#ffffff;--awb-title-color:var(--awb-color5);--awb-content-color:#747474;--awb-icon-box-color:#b8d3b6;--awb-toggle-hover-accent-color:var(--awb-color7);--awb-toggle-active-accent-color:var(--awb-color5);--awb-title-font-family:var(--awb-typography4-font-family);--awb-title-font-weight:var(--awb-typography4-font-weight);--awb-title-font-style:var(--awb-typography4-font-style);--awb-title-font-size:var(--awb-typography4-font-size);--awb-title-letter-spacing:var(--awb-typography4-letter-spacing);--awb-title-line-height:var(--awb-typography4-line-height);--awb-content-font-family:&quot;Raleway&quot;;--awb-content-font-style:normal;--awb-content-font-weight:400;\"><div class=\"panel-group fusion-toggle-icon-boxed\" id=\"accordion-6977-1\"><div class=\"fusion-panel panel-default panel-ec4e445e8ee29603b fusion-toggle-has-divider\" style=\"--awb-title-color:var(--awb-color5);\"><div class=\"panel-heading\"><h4 class=\"panel-title toggle\" id=\"toggle_ec4e445e8ee29603b\"><a aria-expanded=\"false\" aria-controls=\"ec4e445e8ee29603b\" role=\"button\" data-toggle=\"collapse\" data-parent=\"#accordion-6977-1\" data-target=\"#ec4e445e8ee29603b\" href=\"#ec4e445e8ee29603b\"><span class=\"fusion-toggle-icon-wrapper\" aria-hidden=\"true\"><i class=\"fa-fusion-box active-icon awb-icon-minus\" aria-hidden=\"true\"><\/i><i class=\"fa-fusion-box inactive-icon awb-icon-plus\" aria-hidden=\"true\"><\/i><\/span><span class=\"fusion-toggle-heading\">Cin\u00e9f\u00eate<\/span><\/a><\/h4><\/div><div id=\"ec4e445e8ee29603b\" class=\"panel-collapse collapse \" aria-labelledby=\"toggle_ec4e445e8ee29603b\"><div class=\"panel-body toggle-content fusion-clearfix\">\n<p>Einmal im Jahr besuchen alle Jahrgangsstufen die bundesweite Veranstaltung\u00a0<strong>Cin\u00e9f\u00eate<\/strong>:\u00a0<strong>Franz\u00f6sisches Kino<\/strong>! Hier werden Filme gezeigt, die in Frankreich bekannt und beliebt sind und die oft sogar nie ins Deutsche \u00fcbersetzt werden \u2013 Cin\u00e9f\u00eate schafft also ein echtes, authentisches Erleben der Fremdsprache.<\/p>\n<p>Weil die Filme mit Untertiteln gezeigt werden, versteht man alles, w\u00e4hrend man echte franz\u00f6sische Sprache ins Ohr bekommt und sich freuen kann, wie viele S\u00e4tze man schon versteht! Dabei ist es ganz egal, wie lange man schon franz\u00f6sisch lernt \u2013 es ist f\u00fcr jedes Lernjahr ein toller Film dabei!<\/p>\n<p>Hier geht\u2018s zum aktuellen Programm:<br \/>\n<a href=\"https:\/\/cinefete.de\/programm\">https:\/\/cinefete.de\/programm<\/a><\/p>\n<\/div><\/div><\/div><\/div><\/div><div class=\"fusion-image-element \" style=\"--awb-caption-title-font-family:var(--h2_typography-font-family);--awb-caption-title-font-weight:var(--h2_typography-font-weight);--awb-caption-title-font-style:var(--h2_typography-font-style);--awb-caption-title-size:var(--h2_typography-font-size);--awb-caption-title-transform:var(--h2_typography-text-transform);--awb-caption-title-line-height:var(--h2_typography-line-height);--awb-caption-title-letter-spacing:var(--h2_typography-letter-spacing);\"><span class=\" fusion-imageframe imageframe-none imageframe-2 hover-type-none\"><img decoding=\"async\" width=\"212\" height=\"300\" title=\"cf25_poster_small\" src=\"https:\/\/sfgrs.de\/wordpress\/wp-content\/uploads\/2025\/11\/cf25_poster_small-212x300.jpg\" alt class=\"img-responsive wp-image-12889\" srcset=\"https:\/\/sfgrs.de\/wordpress\/wp-content\/uploads\/2025\/11\/cf25_poster_small-200x283.jpg 200w, https:\/\/sfgrs.de\/wordpress\/wp-content\/uploads\/2025\/11\/cf25_poster_small-400x566.jpg 400w, https:\/\/sfgrs.de\/wordpress\/wp-content\/uploads\/2025\/11\/cf25_poster_small-600x849.jpg 600w, https:\/\/sfgrs.de\/wordpress\/wp-content\/uploads\/2025\/11\/cf25_poster_small-800x1132.jpg 800w, https:\/\/sfgrs.de\/wordpress\/wp-content\/uploads\/2025\/11\/cf25_poster_small.jpg 877w\" sizes=\"(max-width: 1140px) 100vw, (max-width: 640px) 100vw, 212px\" \/><\/span><\/div><div class=\"accordian fusion-accordian\" style=\"--awb-border-size:1px;--awb-icon-size:13px;--awb-content-font-size:16px;--awb-icon-alignment:left;--awb-hover-color:#f9f9f9;--awb-border-color:var(--awb-color3);--awb-background-color:#ffffff;--awb-divider-color:var(--awb-color3);--awb-divider-hover-color:var(--awb-color3);--awb-icon-color:#ffffff;--awb-title-color:var(--awb-color5);--awb-content-color:#747474;--awb-icon-box-color:#b8d3b6;--awb-toggle-hover-accent-color:var(--awb-color7);--awb-toggle-active-accent-color:var(--awb-color5);--awb-title-font-family:var(--awb-typography4-font-family);--awb-title-font-weight:var(--awb-typography4-font-weight);--awb-title-font-style:var(--awb-typography4-font-style);--awb-title-font-size:var(--awb-typography4-font-size);--awb-title-letter-spacing:var(--awb-typography4-letter-spacing);--awb-title-line-height:var(--awb-typography4-line-height);--awb-content-font-family:&quot;Raleway&quot;;--awb-content-font-style:normal;--awb-content-font-weight:400;\"><div class=\"panel-group fusion-toggle-icon-boxed\" id=\"accordion-6977-2\"><div class=\"fusion-panel panel-default panel-c347a8bef4e7398da fusion-toggle-has-divider\" style=\"--awb-title-color:var(--awb-color5);\"><div class=\"panel-heading\"><h4 class=\"panel-title toggle\" id=\"toggle_c347a8bef4e7398da\"><a aria-expanded=\"false\" aria-controls=\"c347a8bef4e7398da\" role=\"button\" data-toggle=\"collapse\" data-parent=\"#accordion-6977-2\" data-target=\"#c347a8bef4e7398da\" href=\"#c347a8bef4e7398da\"><span class=\"fusion-toggle-icon-wrapper\" aria-hidden=\"true\"><i class=\"fa-fusion-box active-icon awb-icon-minus\" aria-hidden=\"true\"><\/i><i class=\"fa-fusion-box inactive-icon awb-icon-plus\" aria-hidden=\"true\"><\/i><\/span><span class=\"fusion-toggle-heading\">France Mobil <\/span><\/a><\/h4><\/div><div id=\"c347a8bef4e7398da\" class=\"panel-collapse collapse \" aria-labelledby=\"toggle_c347a8bef4e7398da\"><div class=\"panel-body toggle-content fusion-clearfix\">\n<p>Einmal im Jahr besucht uns das\u00a0<strong><u>France Mobil<\/u><\/strong>. Das ist ein Auto voll mit Spielen, Plakaten und tollen Menschen mit ganz vielen Ideen, die den F\u00fcnftkl\u00e4sslerinnen, die Englisch als erste Fremdsprache gew\u00e4hlt haben, spielerisch zeigen, wie viel Freude es macht, franz\u00f6sisch zu lernen! Lass dich \u00fcberraschen!<\/p>\n<\/div><\/div><\/div><div class=\"fusion-panel panel-default panel-41a31b0aade0f8ddc fusion-toggle-has-divider\" style=\"--awb-title-color:var(--awb-color5);\"><div class=\"panel-heading\"><h4 class=\"panel-title toggle\" id=\"toggle_41a31b0aade0f8ddc\"><a aria-expanded=\"false\" aria-controls=\"41a31b0aade0f8ddc\" role=\"button\" data-toggle=\"collapse\" data-parent=\"#accordion-6977-2\" data-target=\"#41a31b0aade0f8ddc\" href=\"#41a31b0aade0f8ddc\"><span class=\"fusion-toggle-icon-wrapper\" aria-hidden=\"true\"><i class=\"fa-fusion-box active-icon awb-icon-minus\" aria-hidden=\"true\"><\/i><i class=\"fa-fusion-box inactive-icon awb-icon-plus\" aria-hidden=\"true\"><\/i><\/span><span class=\"fusion-toggle-heading\">Frankreichaustausch<\/span><\/a><\/h4><\/div><div id=\"41a31b0aade0f8ddc\" class=\"panel-collapse collapse \" aria-labelledby=\"toggle_41a31b0aade0f8ddc\"><div class=\"panel-body toggle-content fusion-clearfix\">\n<p>Nichts ist f\u00fcr die Sch\u00fclerinnen aufregender und toller als eine Woche in Frankreich zu erleben, das franz\u00f6sische Schulleben kennen zu lernen, Freundschaften mit Franz\u00f6sinnen und Franzosen zu schlie\u00dfen, voller Vorfreude E-Mails und WhatsApps zu versenden und die Partner schlie\u00dflich nach Deutschland einzuladen.<\/p>\n<p>Es gibt\u00a0<strong>drei verschiedene Austausch-M\u00f6glichkeiten<\/strong>:<\/p>\n<ol>\n<li><a href=\"https:\/\/sfgrs.de\/wordpress\/index.php\/frankreichaustausch\/\">Sch\u00fcleraustausch<\/a> mit dem Coll\u00e8ge priv\u00e9 du Sacr\u00e9-Coeur in Vercel (in der N\u00e4he von Besan\u00e7on), zu dem eine gro\u00dfe Gruppe Sch\u00fclerinnen gemeinsam f\u00e4hrt und bei dem es ein vielseitiges, spannendes Programm sowohl in Deutschland als auch in Frankreich gibt.<\/li>\n<li>Individueller Austausch, den die Sch\u00fclerinnen und Sch\u00fcler (mit Hilfe verschiedener Organisationen) selbst organisieren \u2013 zum Beispiel nach Burgund (zwei Wochen), in ein Ort der Wahl (2-3 Monate), nach Lothringen oder ins Elsass.<\/li>\n<li><a href=\"https:\/\/sfgrs.de\/wordpress\/index.php\/trinationales-treffen\/\">Trinationaler Austausch<\/a> (Frankreich-Deutschland-Tschechien) (ab Klasse 10)<\/li>\n<\/ol>\n<p>Wer einmal ein paar Tage, Wochen oder sogar Monate in Frankreich erlebt hat, hat oft wundervolle, einzigartige Erlebnisse im Gep\u00e4ck, spricht wie selbstverst\u00e4ndlich Franz\u00f6sisch, legt oft den Grundstein f\u00fcr Franz\u00f6sisch in der Oberstufe (auch f\u00fcr den Leistungskurs) und hat eine Erfahrung f\u00fcrs Leben gesammelt.<\/p>\n<\/div><\/div><\/div><\/div><\/div><div class=\"fusion-image-element \" style=\"--awb-caption-title-font-family:var(--h2_typography-font-family);--awb-caption-title-font-weight:var(--h2_typography-font-weight);--awb-caption-title-font-style:var(--h2_typography-font-style);--awb-caption-title-size:var(--h2_typography-font-size);--awb-caption-title-transform:var(--h2_typography-text-transform);--awb-caption-title-line-height:var(--h2_typography-line-height);--awb-caption-title-letter-spacing:var(--h2_typography-letter-spacing);\"><span class=\" fusion-imageframe imageframe-none imageframe-3 hover-type-none\"><img decoding=\"async\" width=\"300\" height=\"200\" title=\"Bild Austausch\" src=\"https:\/\/sfgrs.de\/wordpress\/wp-content\/uploads\/2024\/11\/Bild-Austausch-300x200.jpg\" alt class=\"img-responsive wp-image-11961\" srcset=\"https:\/\/sfgrs.de\/wordpress\/wp-content\/uploads\/2024\/11\/Bild-Austausch-200x133.jpg 200w, https:\/\/sfgrs.de\/wordpress\/wp-content\/uploads\/2024\/11\/Bild-Austausch-400x267.jpg 400w, https:\/\/sfgrs.de\/wordpress\/wp-content\/uploads\/2024\/11\/Bild-Austausch-600x400.jpg 600w, https:\/\/sfgrs.de\/wordpress\/wp-content\/uploads\/2024\/11\/Bild-Austausch-800x534.jpg 800w, https:\/\/sfgrs.de\/wordpress\/wp-content\/uploads\/2024\/11\/Bild-Austausch-1200x800.jpg 1200w, https:\/\/sfgrs.de\/wordpress\/wp-content\/uploads\/2024\/11\/Bild-Austausch.jpg 1670w\" sizes=\"(max-width: 1140px) 100vw, (max-width: 640px) 100vw, 1200px\" \/><\/span><\/div><div class=\"accordian fusion-accordian\" style=\"--awb-border-size:1px;--awb-icon-size:13px;--awb-content-font-size:16px;--awb-icon-alignment:left;--awb-hover-color:#f9f9f9;--awb-border-color:var(--awb-color3);--awb-background-color:#ffffff;--awb-divider-color:var(--awb-color3);--awb-divider-hover-color:var(--awb-color3);--awb-icon-color:#ffffff;--awb-title-color:var(--awb-color5);--awb-content-color:#747474;--awb-icon-box-color:#b8d3b6;--awb-toggle-hover-accent-color:var(--awb-color7);--awb-toggle-active-accent-color:var(--awb-color5);--awb-title-font-family:var(--awb-typography4-font-family);--awb-title-font-weight:var(--awb-typography4-font-weight);--awb-title-font-style:var(--awb-typography4-font-style);--awb-title-font-size:var(--awb-typography4-font-size);--awb-title-letter-spacing:var(--awb-typography4-letter-spacing);--awb-title-line-height:var(--awb-typography4-line-height);--awb-content-font-family:&quot;Raleway&quot;;--awb-content-font-style:normal;--awb-content-font-weight:400;\"><div class=\"panel-group fusion-toggle-icon-boxed\" id=\"accordion-6977-3\"><div class=\"fusion-panel panel-default panel-f16f009958ae7a44f fusion-toggle-has-divider\" style=\"--awb-title-color:var(--awb-color5);\"><div class=\"panel-heading\"><h4 class=\"panel-title toggle\" id=\"toggle_f16f009958ae7a44f\"><a aria-expanded=\"false\" aria-controls=\"f16f009958ae7a44f\" role=\"button\" data-toggle=\"collapse\" data-parent=\"#accordion-6977-3\" data-target=\"#f16f009958ae7a44f\" href=\"#f16f009958ae7a44f\"><span class=\"fusion-toggle-icon-wrapper\" aria-hidden=\"true\"><i class=\"fa-fusion-box active-icon awb-icon-minus\" aria-hidden=\"true\"><\/i><i class=\"fa-fusion-box inactive-icon awb-icon-plus\" aria-hidden=\"true\"><\/i><\/span><span class=\"fusion-toggle-heading\">Spannende Wettbewerbe<\/span><\/a><\/h4><\/div><div id=\"f16f009958ae7a44f\" class=\"panel-collapse collapse \" aria-labelledby=\"toggle_f16f009958ae7a44f\"><div class=\"panel-body toggle-content fusion-clearfix\">\n<h4><strong>Vorlesewettbewerb<\/strong><\/h4>\n<p><em>\u00a0<\/em>An unserem\u00a0<strong>Vorlesewettbewerb<\/strong>\u00a0nehmen schon die j\u00fcngsten Lernerinnen teil: Die, der 6. und 7. Klassen. Die Sch\u00fclerinnen treten zun\u00e4chst in der Klasse gegeneinander an. Wer liest am lebendigsten vor? Wer hat eine gute Aussprache? Wem k\u00f6nnte man stundenlang zuh\u00f6ren?\u00a0Die Gewinnerin erh\u00e4lt eine Urkunde und einen tollen Preis.<\/p>\n<h4><strong>Der Bundeswettbewerb Fremdsprachen<\/strong> <em><br \/>\n<\/em><\/h4>\n<p>Der Bundeswettbewerb Fremdsprachen ist ein bundesweiter Wettbewerb f\u00fcr Sch\u00fclerinnen und Sch\u00fcler der Klassen 6 bis 13. Wenn du gerne Fremdsprachen lernst und dich f\u00fcr andere L\u00e4nder und Kulturen interessierst, bist du hier genau richtig. Je nach Alter und Klassenstufe kannst du in verschiedenen Kategorien teilnehmen\u00a0\u2013 alleine oder im Team.<\/p>\n<p><u>Im Team von Klasse 6-10<\/u><\/p>\n<p>Dramen oder Kom\u00f6dien, Videos oder H\u00f6rspiele: In der Kategorie TEAM Schule sind eurer Kreativit\u00e4t fast keine Grenzen gesetzt! Hier geht es um die etwas andere Art, eine Fremdsprache zu lernen und anzuwenden. \u00dcberzeugt mit euren Fremdsprachenkenntnissen und seid dabei \u2013 mit einem Team aus eurer Schulklasse, mit eurer AG oder einfach mit Freunden, die Lust haben, Fremdsprachen mal anders zu erleben!<\/p>\n<p><u>Dein Ticket in die Welt<\/u><\/p>\n<p>Du bist in den Klassen 8 bis 10? Du hast nicht nur Grammatik und Vokabeln drauf, sondern bist vor allem auch kreativ und hast Spa\u00df am Umgang mit fremden Sprachen? Dann ist die Kategorie SOLO dein Ding.<\/p>\n<p>Weitere Informationen sind hier zu finden: <a href=\"https:\/\/www.bundeswettbewerb-fremdsprachen.de\">https:\/\/www.bundeswettbewerb-fremdsprachen.de<\/a><\/p>\n<h4><strong>Le prix des lyc\u00e9ens<\/strong><\/h4>\n<p>Der\u00a0Prix des lyc\u00e9ens allemands\u00a0ist eine Initiative des\u00a0Institut fran\u00e7ais Deutschland\u00a0in Zusammenarbeit mit\u00a0Ernst Klett Sprachen. Seit\u00a02004, dem ersten Jahr seiner Durchf\u00fchrung, hat der\u00a0Prix des lyc\u00e9ens allemands\u00a0tausenden von Sch\u00fclerinnen und Sch\u00fclern eine Begegnung mit franz\u00f6sischen Jugendbuchautoren erm\u00f6glicht und ihnen ein Forum gegeben, in dem sie auf Franz\u00f6sisch ihre Leseeindr\u00fccke teilen und sich f\u00fcr ihr\u00a0Lieblingsbuch\u00a0entscheiden konnten. Der\u00a0Prix des lyc\u00e9ens allemands\u00a0findet in der Form seit 2019 alle zwei Jahre statt.<\/p>\n<p>Hierbei werden drei authentische, franz\u00f6sische Jugendromane im Unterricht besprochen. Die Sch\u00fclerinnen debattieren zun\u00e4chst im Klassenverband, anschlie\u00dfend mit den Parallelkursen dar\u00fcber, welchen Roman sie am besten finden. Sie w\u00e4gen unterschiedliche Argumente ab und \u00fcben sich darin, ihre Meinung spontan auf franz\u00f6sisch auszudr\u00fccken.<\/p>\n<p>Anschlie\u00dfend wird auf Landes-, sp\u00e4ter auf Bundesebene entschieden, welcher Roman als Gewinner gek\u00fcrt werden soll. F\u00fcr den Autor des Siegerromans findet in einem feierlichen Rahmen auf der Buchmesse in Leipzig unter Mitwirkung von Delegierten aus den 16 Bundesl\u00e4ndern eine Preisverleihung statt. Im Jahr 2023 hatte unsere Schule die gro\u00dfe Ehre, dass eine Sch\u00fclerin (Natalie Pajak aus MSS 12) als Delegation f\u00fcr das Land Rheinland-Pfalz mitwirken durfte.<\/p>\n<\/div><\/div><\/div><\/div><\/div><div class=\"fusion-image-carousel fusion-image-carousel-auto fusion-image-carousel-1 fusion-carousel-border\"><div class=\"awb-carousel awb-swiper awb-swiper-carousel\" data-autoplay=\"no\" data-columns=\"3\" data-itemmargin=\"13\" data-itemwidth=\"180\" data-touchscroll=\"no\" data-imagesize=\"auto\" style=\"--awb-columns:3;\"><div class=\"swiper-wrapper awb-image-carousel-wrapper fusion-flex-align-items-center\"><div class=\"swiper-slide\"><div class=\"fusion-carousel-item-wrapper\"><div class=\"fusion-image-wrapper hover-type-none\"><img decoding=\"async\" width=\"1920\" height=\"1080\" src=\"https:\/\/sfgrs.de\/wordpress\/wp-content\/uploads\/2024\/11\/Bundeswettbewerb.jpeg\" class=\"attachment-full size-full\" alt=\"\" srcset=\"https:\/\/sfgrs.de\/wordpress\/wp-content\/uploads\/2024\/11\/Bundeswettbewerb-200x113.jpeg 200w, https:\/\/sfgrs.de\/wordpress\/wp-content\/uploads\/2024\/11\/Bundeswettbewerb-400x225.jpeg 400w, https:\/\/sfgrs.de\/wordpress\/wp-content\/uploads\/2024\/11\/Bundeswettbewerb-600x338.jpeg 600w, https:\/\/sfgrs.de\/wordpress\/wp-content\/uploads\/2024\/11\/Bundeswettbewerb-800x450.jpeg 800w, https:\/\/sfgrs.de\/wordpress\/wp-content\/uploads\/2024\/11\/Bundeswettbewerb-1200x675.jpeg 1200w, https:\/\/sfgrs.de\/wordpress\/wp-content\/uploads\/2024\/11\/Bundeswettbewerb.jpeg 1920w\" sizes=\"(min-width: 2200px) 100vw, (min-width: 960px) 458px, (min-width: 800px) 687px, (min-width: 640px) 800px, \" \/><\/div><\/div><\/div><div class=\"swiper-slide\"><div class=\"fusion-carousel-item-wrapper\"><div class=\"fusion-image-wrapper hover-type-none\"><img decoding=\"async\" width=\"2214\" height=\"1477\" src=\"https:\/\/sfgrs.de\/wordpress\/wp-content\/uploads\/2024\/11\/Prix-des-lyceens-6.jpg\" class=\"attachment-full size-full\" alt=\"\" srcset=\"https:\/\/sfgrs.de\/wordpress\/wp-content\/uploads\/2024\/11\/Prix-des-lyceens-6-200x133.jpg 200w, https:\/\/sfgrs.de\/wordpress\/wp-content\/uploads\/2024\/11\/Prix-des-lyceens-6-400x267.jpg 400w, https:\/\/sfgrs.de\/wordpress\/wp-content\/uploads\/2024\/11\/Prix-des-lyceens-6-600x400.jpg 600w, https:\/\/sfgrs.de\/wordpress\/wp-content\/uploads\/2024\/11\/Prix-des-lyceens-6-800x534.jpg 800w, https:\/\/sfgrs.de\/wordpress\/wp-content\/uploads\/2024\/11\/Prix-des-lyceens-6-1200x801.jpg 1200w, https:\/\/sfgrs.de\/wordpress\/wp-content\/uploads\/2024\/11\/Prix-des-lyceens-6.jpg 2214w\" sizes=\"(min-width: 2200px) 100vw, (min-width: 960px) 458px, (min-width: 800px) 687px, (min-width: 640px) 800px, \" \/><\/div><\/div><\/div><div class=\"swiper-slide\"><div class=\"fusion-carousel-item-wrapper\"><div class=\"fusion-image-wrapper hover-type-none\"><img decoding=\"async\" width=\"1210\" height=\"907\" src=\"https:\/\/sfgrs.de\/wordpress\/wp-content\/uploads\/2024\/11\/Prix-des-lyceens-1.jpg\" class=\"attachment-full size-full\" alt=\"\" srcset=\"https:\/\/sfgrs.de\/wordpress\/wp-content\/uploads\/2024\/11\/Prix-des-lyceens-1-200x150.jpg 200w, https:\/\/sfgrs.de\/wordpress\/wp-content\/uploads\/2024\/11\/Prix-des-lyceens-1-400x300.jpg 400w, https:\/\/sfgrs.de\/wordpress\/wp-content\/uploads\/2024\/11\/Prix-des-lyceens-1-600x450.jpg 600w, https:\/\/sfgrs.de\/wordpress\/wp-content\/uploads\/2024\/11\/Prix-des-lyceens-1-800x600.jpg 800w, https:\/\/sfgrs.de\/wordpress\/wp-content\/uploads\/2024\/11\/Prix-des-lyceens-1-1200x900.jpg 1200w, https:\/\/sfgrs.de\/wordpress\/wp-content\/uploads\/2024\/11\/Prix-des-lyceens-1.jpg 1210w\" sizes=\"(min-width: 2200px) 100vw, (min-width: 960px) 458px, (min-width: 800px) 687px, (min-width: 640px) 800px, \" \/><\/div><\/div><\/div><div class=\"swiper-slide\"><div class=\"fusion-carousel-item-wrapper\"><div class=\"fusion-image-wrapper hover-type-none\"><img decoding=\"async\" width=\"1286\" height=\"1928\" src=\"https:\/\/sfgrs.de\/wordpress\/wp-content\/uploads\/2024\/11\/Prix-des-lyceens-5.jpg\" class=\"attachment-full size-full\" alt=\"\" srcset=\"https:\/\/sfgrs.de\/wordpress\/wp-content\/uploads\/2024\/11\/Prix-des-lyceens-5-200x300.jpg 200w, https:\/\/sfgrs.de\/wordpress\/wp-content\/uploads\/2024\/11\/Prix-des-lyceens-5-400x600.jpg 400w, https:\/\/sfgrs.de\/wordpress\/wp-content\/uploads\/2024\/11\/Prix-des-lyceens-5-600x900.jpg 600w, https:\/\/sfgrs.de\/wordpress\/wp-content\/uploads\/2024\/11\/Prix-des-lyceens-5-800x1199.jpg 800w, https:\/\/sfgrs.de\/wordpress\/wp-content\/uploads\/2024\/11\/Prix-des-lyceens-5-1200x1799.jpg 1200w, https:\/\/sfgrs.de\/wordpress\/wp-content\/uploads\/2024\/11\/Prix-des-lyceens-5.jpg 1286w\" sizes=\"(min-width: 2200px) 100vw, (min-width: 960px) 458px, (min-width: 800px) 687px, (min-width: 640px) 800px, \" \/><\/div><\/div><\/div><div class=\"swiper-slide\"><div class=\"fusion-carousel-item-wrapper\"><div class=\"fusion-image-wrapper hover-type-none\"><img decoding=\"async\" width=\"1591\" height=\"2386\" src=\"https:\/\/sfgrs.de\/wordpress\/wp-content\/uploads\/2024\/11\/Prix-des-lyceens-4.jpg\" class=\"attachment-full size-full\" alt=\"\" srcset=\"https:\/\/sfgrs.de\/wordpress\/wp-content\/uploads\/2024\/11\/Prix-des-lyceens-4-200x300.jpg 200w, https:\/\/sfgrs.de\/wordpress\/wp-content\/uploads\/2024\/11\/Prix-des-lyceens-4-400x600.jpg 400w, https:\/\/sfgrs.de\/wordpress\/wp-content\/uploads\/2024\/11\/Prix-des-lyceens-4-600x900.jpg 600w, https:\/\/sfgrs.de\/wordpress\/wp-content\/uploads\/2024\/11\/Prix-des-lyceens-4-800x1200.jpg 800w, https:\/\/sfgrs.de\/wordpress\/wp-content\/uploads\/2024\/11\/Prix-des-lyceens-4-1200x1800.jpg 1200w, https:\/\/sfgrs.de\/wordpress\/wp-content\/uploads\/2024\/11\/Prix-des-lyceens-4.jpg 1591w\" sizes=\"(min-width: 2200px) 100vw, (min-width: 960px) 458px, (min-width: 800px) 687px, (min-width: 640px) 800px, \" \/><\/div><\/div><\/div><div class=\"swiper-slide\"><div class=\"fusion-carousel-item-wrapper\"><div class=\"fusion-image-wrapper hover-type-none\"><img decoding=\"async\" width=\"1032\" height=\"1456\" src=\"https:\/\/sfgrs.de\/wordpress\/wp-content\/uploads\/2024\/11\/Plakat-Prix-des-lyceens.png\" class=\"attachment-full size-full\" alt=\"\" srcset=\"https:\/\/sfgrs.de\/wordpress\/wp-content\/uploads\/2024\/11\/Plakat-Prix-des-lyceens-200x282.png 200w, https:\/\/sfgrs.de\/wordpress\/wp-content\/uploads\/2024\/11\/Plakat-Prix-des-lyceens-400x564.png 400w, https:\/\/sfgrs.de\/wordpress\/wp-content\/uploads\/2024\/11\/Plakat-Prix-des-lyceens-600x847.png 600w, https:\/\/sfgrs.de\/wordpress\/wp-content\/uploads\/2024\/11\/Plakat-Prix-des-lyceens-800x1129.png 800w, https:\/\/sfgrs.de\/wordpress\/wp-content\/uploads\/2024\/11\/Plakat-Prix-des-lyceens.png 1032w\" sizes=\"(min-width: 2200px) 100vw, (min-width: 960px) 458px, (min-width: 800px) 687px, (min-width: 640px) 800px, \" \/><\/div><\/div><\/div><\/div><div class=\"awb-swiper-button awb-swiper-button-prev\"><i class=\"awb-icon-angle-left\" aria-hidden=\"true\"><\/i><\/div><div class=\"awb-swiper-button awb-swiper-button-next\"><i class=\"awb-icon-angle-right\" aria-hidden=\"true\"><\/i><\/div><\/div><\/div><div class=\"accordian fusion-accordian\" style=\"--awb-border-size:1px;--awb-icon-size:13px;--awb-content-font-size:16px;--awb-icon-alignment:left;--awb-hover-color:#f9f9f9;--awb-border-color:var(--awb-color3);--awb-background-color:#ffffff;--awb-divider-color:var(--awb-color3);--awb-divider-hover-color:var(--awb-color3);--awb-icon-color:#ffffff;--awb-title-color:var(--awb-color5);--awb-content-color:#747474;--awb-icon-box-color:#b8d3b6;--awb-toggle-hover-accent-color:var(--awb-color7);--awb-toggle-active-accent-color:var(--awb-color5);--awb-title-font-family:var(--awb-typography4-font-family);--awb-title-font-weight:var(--awb-typography4-font-weight);--awb-title-font-style:var(--awb-typography4-font-style);--awb-title-font-size:var(--awb-typography4-font-size);--awb-title-letter-spacing:var(--awb-typography4-letter-spacing);--awb-title-line-height:var(--awb-typography4-line-height);--awb-content-font-family:&quot;Raleway&quot;;--awb-content-font-style:normal;--awb-content-font-weight:400;\"><div class=\"panel-group fusion-toggle-icon-boxed\" id=\"accordion-6977-4\"><div class=\"fusion-panel panel-default panel-dfd481a3d8fc6307f fusion-toggle-has-divider\" style=\"--awb-title-color:var(--awb-color5);\"><div class=\"panel-heading\"><h4 class=\"panel-title toggle\" id=\"toggle_dfd481a3d8fc6307f\"><a aria-expanded=\"false\" aria-controls=\"dfd481a3d8fc6307f\" role=\"button\" data-toggle=\"collapse\" data-parent=\"#accordion-6977-4\" data-target=\"#dfd481a3d8fc6307f\" href=\"#dfd481a3d8fc6307f\"><span class=\"fusion-toggle-icon-wrapper\" aria-hidden=\"true\"><i class=\"fa-fusion-box active-icon awb-icon-minus\" aria-hidden=\"true\"><\/i><i class=\"fa-fusion-box inactive-icon awb-icon-plus\" aria-hidden=\"true\"><\/i><\/span><span class=\"fusion-toggle-heading\">DELF - ein wichtiges Diplom<\/span><\/a><\/h4><\/div><div id=\"dfd481a3d8fc6307f\" class=\"panel-collapse collapse \" aria-labelledby=\"toggle_dfd481a3d8fc6307f\"><div class=\"panel-body toggle-content fusion-clearfix\">\n<p>Das\u00a0<strong><u>Dipl\u00f4me d\u2019Etudes en Langue Fran\u00e7aise<\/u><\/strong>\u00a0richtet sich an Franz\u00f6sischlernerinnen ab der 9. Klasse, die Freude an der Sprache und ein bisschen Ehrgeiz mitbringen. In verschiedenen DELF-AGs an unserer Schule bereiten Franz\u00f6sischlehre*innen die M\u00e4dchen auf die Pr\u00fcfungen vor. Gepr\u00fcft werden die vier Kompetenzbereiche Lesen, Schreiben, H\u00f6ren und Sprechen.<\/p>\n<p>Das Diplom gibt es auf 4 verschiedenen Niveaus, die sehr n\u00fctzlich sein k\u00f6nnen, wenn es auf die Suche nach einer Ausbildung geht. Darin werden die Franz\u00f6sisch-Kenntnisse bescheinigt, die in vielen Berufen eine wichtige Voraussetzung sind, gerade weil wir in Rheinland-Pfalz und auch im Saarland sehr nah an unserem Nachbarland sind und Gesch\u00e4ftspartner oft \u00fcber die Grenzen hinweg in Verbindung stehen.<\/p>\n<p>Ein kleiner weiterer Vorteil ist, dass man einmal in eine m\u00fcndliche Pr\u00fcfung schnuppern kann und Erfahrungen f\u00fcr das sp\u00e4tere Abitur oder andere Abschlusspr\u00fcfungen sammelt.<\/p>\n<p>Wir bieten das Niveau A2 f\u00fcr die Sch\u00fclerinnen f\u00fcr die Klassen 9\/10 (F2) und 10R an sowie das Niveau B1 f\u00fcr die Klassen 9\/10 (F1) und den Grundkurs der MSS 11. Sch\u00fclerinnen des Leistungskurses 12 k\u00f6nnen an der B2 Pr\u00fcfung teilnehmen.<\/p>\n<p>Seit 2024 bieten wir au\u00dferdem die M\u00f6glichkeit an, im Rahmen des Projekts <strong><u>DELF int\u00e9gr\u00e9<\/u><\/strong> die Pr\u00fcfungen in der Schule durchzuf\u00fchren (Niveau B1 f\u00fcr das Gymnasium und Niveau A2 f\u00fcr die Realschule). Sie besteht ab der 10. Klasse. Die Sch\u00fclerinnen schreiben im Klassenverband die schriftliche Pr\u00fcfung als Klassenarbeit \u2013 wer hier entsprechend der Vorgaben abschneidet, kann sich freiwillig f\u00fcr die m\u00fcndliche Pr\u00fcfung anmelden. Es ist nicht mehr notwendig, nach Mainz zu fahren und die Pr\u00fcfungen individuell zu organisieren. Auch ist der Betrag, den die Pr\u00fcflinge zahlen m\u00fcssen, nur noch sehr gering.<\/p>\n<p>Durch DELF int\u00e9gr\u00e9 besteht f\u00fcr alle M\u00e4dchen unserer Schule nun potenziell die Chance, das DELF-Diplom unkompliziert zu erreichen.<\/p>\n<\/div><\/div><\/div><div class=\"fusion-panel panel-default panel-9c63e35e71c0991a6 fusion-toggle-has-divider\" style=\"--awb-title-color:var(--awb-color5);\"><div class=\"panel-heading\"><h4 class=\"panel-title toggle\" id=\"toggle_9c63e35e71c0991a6\"><a aria-expanded=\"false\" aria-controls=\"9c63e35e71c0991a6\" role=\"button\" data-toggle=\"collapse\" data-parent=\"#accordion-6977-4\" data-target=\"#9c63e35e71c0991a6\" href=\"#9c63e35e71c0991a6\"><span class=\"fusion-toggle-icon-wrapper\" aria-hidden=\"true\"><i class=\"fa-fusion-box active-icon awb-icon-minus\" aria-hidden=\"true\"><\/i><i class=\"fa-fusion-box inactive-icon awb-icon-plus\" aria-hidden=\"true\"><\/i><\/span><span class=\"fusion-toggle-heading\">Aktuelle Angebote<\/span><\/a><\/h4><\/div><div id=\"9c63e35e71c0991a6\" class=\"panel-collapse collapse \" aria-labelledby=\"toggle_9c63e35e71c0991a6\"><div class=\"panel-body toggle-content fusion-clearfix\">\n<h4><strong>Individueller Elsass Austausch<\/strong><em><br \/>\n<\/em><\/h4>\n<p>Das Austauschprogramm bietet Sch\u00fclerinnen und Sch\u00fclern die M\u00f6glichkeit, ihre Kenntnisse der Nachbarsprache zu vertiefen und erm\u00f6glicht ihnen einen guten Einblick in die Kultur und das Alltagsleben der Partnerregion Elsass. Der mehrw\u00f6chige individuelle Aufenthalt in der Partnerregion f\u00f6rdert dar\u00fcber hinaus eigenverantwortliches Handeln und Selbstvertrauen und vermittelt Schl\u00fcsselkompetenzen des interkulturellen Lernens.<\/p>\n<p>Am Austausch teilnehmen k\u00f6nnen Sch\u00fclerinnen und Sch\u00fcler aus den 7., 8., 9., 10. und 11. Klassen. Sie halten sich jeweils\u00a0<strong>zwei, vier\u00a0<\/strong>bzw.\u00a0<strong>acht Wochen\u00a0<\/strong>in der Gastfamilie und in der Gastschule auf.<\/p>\n<p>Es bleibt den Familien \u00fcberlassen, ob die deutsche Teilnehmerin \/ der deutsche Teilnehmer zuerst nach Frankreich f\u00e4hrt oder umgekehrt.<\/p>\n<p>Auch hier einigen sich die Familien selbst\u00e4ndig auf einen Termin, der in diesem Zeitraum liegt.<\/p>\n<p>Gerade das Elsass in Grenzn\u00e4he bietet sich an, um erste Erfahrungen im Ausland zu sammeln, ohne eine weite Reise auf sich nehmen zu m\u00fcssen. Zudem ist es unkompliziert m\u00f6glich, auch nach dem Austausch Kontakte zu pflegen und sich weiterhin zu besuchen.<\/p>\n<p>Die Bewerbungsfrist endet am 1. November.<\/p>\n<p>N\u00e4here Informationen erhalten Sie online (<a href=\"https:\/\/eu-int.bildung-rp.de\/informationen-fuer-schuelerinnen-und-schueler.html\">https:\/\/eu-int.bildung-rp.de\/informationen-fuer-schuelerinnen-und-schueler.html<\/a>) und bei den Franz\u00f6sischlehrkr\u00e4ften.<\/p>\n<h4><strong>Schumann-Austausch <\/strong><em><br \/>\n<\/em><\/h4>\n<p>Mit dem SCHUMAN-Austausch-Programm haben Sch\u00fclerinnen der Klassenstufen 7 bis 10 die M\u00f6glichkeit, ihre Kenntnisse der franz\u00f6sischen Sprache zu vertiefen und einen guten Einblick in die Kultur und das Alltagsleben der Gro\u00dfregion (Lothringen\/Frankreich, Luxemburg und Wallonien\/Belgien) zu gewinnen.<\/p>\n<p>Der\u00a0<u>individuelle Aufenthalt<\/u>\u00a0in den franz\u00f6sischsprachigen Partnerregionen f\u00f6rdert dar\u00fcber hinaus eigenverantwortliches Handeln sowie Selbstvertrauen und vermittelt Schl\u00fcsselkompetenzen des interkulturellen Lernens.<\/p>\n<p>F\u00fcr das Programm k\u00f6nnen sich motivierte Sch\u00fclerinnen bewerben, deren Sprachkenntnisse und soziale Kompetenz die erfolgreiche Teilnahme am Unterricht in der Partnerregion gew\u00e4hrleisten.<\/p>\n<p>Der Austausch findet jeweils zwei Wochen statt. Den Transport zur jeweiligen Gastfamilie \u00fcbernehmen die Familien selbst.<\/p>\n<p><strong>Austauschtermine 2024:<\/strong><\/p>\n<p>Sch\u00fclerinnen aus Frankreich nach Rheinland-Pfalz: <strong>23.03. \u2013 06.04.2025<\/strong><br \/>\nSch\u00fclerinnen aus Rheinland-Pfalz nach Frankreich: <strong>11.05. \u2013 25.05.2025<\/strong><\/p>\n<p>Weitere Informationen finden Sie hier:\u00a0<a href=\"https:\/\/add.rlp.de\/fileadmin\/add\/Abteilung_3\/Internationale_Beziehungen\/Schuman_Programm__Allgemeine_Informationen.pdf\">https:\/\/add.rlp.de\/fileadmin\/add\/Abteilung_3\/Internationale_Beziehungen\/Schuman_Programm__Allgemeine_Informationen.pdf<\/a><\/p>\n<p><strong>Die Bewerbungsfrist endet am 11. Oktober 2024!<\/strong><\/p>\n<p><strong>\u00a0<\/strong><\/p>\n<h4><strong>Trinationale Reise 2024 <\/strong><em><br \/>\n<\/em><\/h4>\n<p><em>\u00a0<\/em><\/p>\n<p><strong>Informationen werden nachgereicht!<\/strong><\/p>\n<\/div><\/div><\/div><div class=\"fusion-panel panel-default panel-d88f15c424f26dd99 fusion-toggle-has-divider\" style=\"--awb-title-color:var(--awb-color5);\"><div class=\"panel-heading\"><h4 class=\"panel-title toggle\" id=\"toggle_d88f15c424f26dd99\"><a aria-expanded=\"false\" aria-controls=\"d88f15c424f26dd99\" role=\"button\" data-toggle=\"collapse\" data-parent=\"#accordion-6977-4\" data-target=\"#d88f15c424f26dd99\" href=\"#d88f15c424f26dd99\"><span class=\"fusion-toggle-icon-wrapper\" aria-hidden=\"true\"><i class=\"fa-fusion-box active-icon awb-icon-minus\" aria-hidden=\"true\"><\/i><i class=\"fa-fusion-box inactive-icon awb-icon-plus\" aria-hidden=\"true\"><\/i><\/span><span class=\"fusion-toggle-heading\">Franz\u00f6sisch in Realschule und MSS<\/span><\/a><\/h4><\/div><div id=\"d88f15c424f26dd99\" class=\"panel-collapse collapse \" aria-labelledby=\"toggle_d88f15c424f26dd99\"><div class=\"panel-body toggle-content fusion-clearfix\">\n<p>Unabh\u00e4ngig von der Wahl der ersten Fremdsprache kann man sowohl in der Realschule (als Wahlpflichtfach mit weniger Progression, vielen Wiederholungen in Klasse 7 und einer st\u00e4rkeren Praxis- und Berufsorientierung), als auch in der Oberstufe (als Grund-, Leistungs- oder Anf\u00e4nger-kurs) Franz\u00f6sisch w\u00e4hlen. Es ist au\u00dferdem m\u00f6glich, auch noch in der 9. Klasse mit Franz\u00f6sisch als 3. Fremdsprache einzusteigen.<\/p>\n<p>Ganz gleich, in welcher Schulart du dich befindest, mit Franz\u00f6sisch hast du immer die M\u00f6glichkeit, an Wettbewerben und beispielsweise den DELF-Pr\u00fcfungen teilzunehmen, die Exkursionen nach Frankreich mitzuerleben und dich f\u00fcr den Sch\u00fcleraustausch zu bewerben.<\/p>\n<\/div><\/div><\/div><\/div><\/div><\/div><\/div><div class=\"fusion-layout-column fusion_builder_column fusion-builder-column-2 fusion_builder_column_1_6 1_6 fusion-flex-column\" style=\"--awb-bg-size:cover;--awb-width-large:16.666666666667%;--awb-margin-top-large:0px;--awb-spacing-right-large:11.52%;--awb-margin-bottom-large:20px;--awb-spacing-left-large:11.52%;--awb-width-medium:100%;--awb-spacing-right-medium:1.92%;--awb-spacing-left-medium:1.92%;--awb-width-small:100%;--awb-spacing-right-small:1.92%;--awb-spacing-left-small:1.92%;\"><div class=\"fusion-column-wrapper fusion-column-has-shadow fusion-flex-justify-content-flex-start fusion-content-layout-column\"><\/div><\/div><\/div><\/div>\n","protected":false},"excerpt":{"rendered":"","protected":false},"author":1,"featured_media":0,"parent":7624,"menu_order":0,"comment_status":"closed","ping_status":"closed","template":"","meta":{"footnotes":""},"categories":[44],"tags":[],"class_list":["post-6977","page","type-page","status-publish","hentry","category-sub-faecher"],"_links":{"self":[{"href":"https:\/\/sfgrs.de\/wordpress\/index.php\/wp-json\/wp\/v2\/pages\/6977","targetHints":{"allow":["GET"]}}],"collection":[{"href":"https:\/\/sfgrs.de\/wordpress\/index.php\/wp-json\/wp\/v2\/pages"}],"about":[{"href":"https:\/\/sfgrs.de\/wordpress\/index.php\/wp-json\/wp\/v2\/types\/page"}],"author":[{"embeddable":true,"href":"https:\/\/sfgrs.de\/wordpress\/index.php\/wp-json\/wp\/v2\/users\/1"}],"replies":[{"embeddable":true,"href":"https:\/\/sfgrs.de\/wordpress\/index.php\/wp-json\/wp\/v2\/comments?post=6977"}],"version-history":[{"count":25,"href":"https:\/\/sfgrs.de\/wordpress\/index.php\/wp-json\/wp\/v2\/pages\/6977\/revisions"}],"predecessor-version":[{"id":12892,"href":"https:\/\/sfgrs.de\/wordpress\/index.php\/wp-json\/wp\/v2\/pages\/6977\/revisions\/12892"}],"up":[{"embeddable":true,"href":"https:\/\/sfgrs.de\/wordpress\/index.php\/wp-json\/wp\/v2\/pages\/7624"}],"wp:attachment":[{"href":"https:\/\/sfgrs.de\/wordpress\/index.php\/wp-json\/wp\/v2\/media?parent=6977"}],"wp:term":[{"taxonomy":"category","embeddable":true,"href":"https:\/\/sfgrs.de\/wordpress\/index.php\/wp-json\/wp\/v2\/categories?post=6977"},{"taxonomy":"post_tag","embeddable":true,"href":"https:\/\/sfgrs.de\/wordpress\/index.php\/wp-json\/wp\/v2\/tags?post=6977"}],"curies":[{"name":"wp","href":"https:\/\/api.w.org\/{rel}","templated":true}]}}